{"id":477,"date":"2020-04-20T19:31:01","date_gmt":"2020-04-20T17:31:01","guid":{"rendered":"https:\/\/medicalbeautyconcepts.com\/?post_type=behandlungen&#038;p=477"},"modified":"2026-02-03T12:06:38","modified_gmt":"2026-02-03T11:06:38","slug":"minilift","status":"publish","type":"behandlungen","link":"https:\/\/medicalbeautyconcepts.com\/en\/treatments\/minilift\/","title":{"rendered":"mini lift"},"content":{"rendered":"<h3 class=\"wp-block-heading\">Minilift \u2013 does it help?<\/h3>\n\n\n\n<p>Minilifts are defined differently. Accordingly, there are also different opinions about minilifts.<\/p>\n\n\n\n<p>Der<strong> Effekt eines Minilifts <\/strong>steigt mit der Verwendung dieser Ma\u00dfnahmen:<\/p>\n\n\n\n<ul class=\"wp-block-list\">\n<li>Tightening of the SMAS (=muscle connective tissue in the facial area)<\/li>\n\n\n\n<li>Removing excess skin and fitting it around the ear<\/li>\n<\/ul>\n\n\n\n<p>We define a mini lift as follows:<\/p>\n\n\n\n<ul class=\"wp-block-list\">\n<li>Tightening the SMAS (at least partially)<\/li>\n\n\n\n<li>Removal of excess skin (at least partially)<\/li>\n\n\n\n<li>a minilift should be able to be performed well under local anesthesia<\/li>\n\n\n\n<li>the incision (and therefore the scar) in front of the ear is shorter than with a facelift<\/li>\n<\/ul>\n\n\n\n<p>These measures also ensure a good and lasting effect.<\/p>\n\n\n\n<p><\/p>\n\n\n\n<p>Da unser Minilift einem klassichen Facelift sehr nahe kommt ist es auch noch abzugrenzen von einem Microlift.<\/p>\n\n\n\n<p>Merkmale eines <strong>Microlifts <\/strong>sind:<\/p>\n\n\n\n<ul class=\"wp-block-list\">\n<li>ein kleiner Schnitt von wenigen cm l\u00e4sst gewissen Haut\u00fcberschuss verschwinden (bei einem Fadenlift besteht immer das Problem, dass man den Haut\u00fcberschuss nicht wegbekommt und dieser oft unnat\u00fcrlich wirkt)<\/li>\n\n\n\n<li>meist werden von diesem Schnitt aus 1-2 F\u00e4den gesetzt um das benachbarte Gewebe zu heben und zu straffen<\/li>\n\n\n\n<li>dadurch kommt es zu einer Straffung entlang 1-2 Vektoren &#8211; wer mehr will ist mit Minilift oder Facelift besser beraten<\/li>\n\n\n\n<li>lokale Bet\u00e4ubung ist fast immer ausreichend<\/li>\n<\/ul>\n\n\n\n<p><\/p>\n\n\n\r\n<div id=\"cta-block_0dc6066f3a40d553fbbdb5370f7ef92d\" class=\"icontext-block\">\r\n\t<div class=\"row\">\r\n\t\t\r\n\t\t<div class=\"col-sm-1 col-12 reveal\">\r\n\t\t\t\t\t\t\t<div class=\"icontext-icon icon-white-equal\"><\/div>\r\n\t\t\t\t\t<\/div>\r\n\r\n\t\t<div class=\"col-sm-11 col-12 reveal\">\r\n\t\t\t<div class=\"icontext-text\">\r\n\t\t\t\t<h3><strong>Minilift \u2013 Synonyms &amp; Principle<br \/>\n<\/strong><\/h3>\n<p><strong>synonyms<\/strong>: a facelift tightens the cheek region (and slightly also the middle face and the chin line. I define a minilift as a facelift &quot;light&quot; that can and is performed under local anesthesia.<\/p>\n<p><strong>principle<\/strong>: dauerhafte Hautentferung und Optimierung\/Straffung des Weichgewebes im Bereich Wange mittels Fixierung des SMAS (Muskel Bindegewebe im Wangenbereich) und Einpassen des Haut\u00fcberschusses um das Ohr herum. Der Schnitt ist beim Minilift meist etwas k\u00fcrzer als beim klassischen Facelift.rk<\/p>\n\t\t\t<\/div>\r\n\t\t<\/div>\r\n\r\n\t<\/div>\r\n<\/div>\r\n\n\n\n<hr class=\"wp-block-separator has-css-opacity\"\/>\n\n\n\r\n<div id=\"cta-block_103d68ba6d6668039cf7361507ecb7d4\" class=\"icontext-block\">\r\n\t<div class=\"row\">\r\n\t\t\r\n\t\t<div class=\"col-sm-1 col-12 reveal\">\r\n\t\t\t\t\t\t\t<div class=\"icontext-icon icon-white-and\"><\/div>\r\n\t\t\t\t\t<\/div>\r\n\r\n\t\t<div class=\"col-sm-11 col-12 reveal\">\r\n\t\t\t<div class=\"icontext-text\">\r\n\t\t\t\t<h3>is often combined with\u2026<\/h3>\n<ul>\n<li><strong>eyelid surgery<\/strong>: Upper eyelid lift or lower eyelid lift<\/li>\n<li><strong>Botox &amp; Hyaluron<\/strong>: Lower side of the eye &amp; brow area<\/li>\n<li><strong>autologous fat<\/strong><\/li>\n<li><strong>blood plasma<\/strong><\/li>\n<\/ul>\n\t\t\t<\/div>\r\n\t\t<\/div>\r\n\r\n\t<\/div>\r\n<\/div>\r\n\n\n\n<hr class=\"wp-block-separator has-css-opacity\"\/>\n\n\n\r\n<div id=\"cta-block_ee24a1853b6bc9109407a0f822dc65d0\" class=\"icontext-block\">\r\n\t<div class=\"row\">\r\n\t\t\r\n\t\t<div class=\"col-sm-1 col-12 reveal\">\r\n\t\t\t\t\t\t\t<div class=\"icontext-icon icon-white-percent\"><\/div>\r\n\t\t\t\t\t<\/div>\r\n\r\n\t\t<div class=\"col-sm-11 col-12 reveal\">\r\n\t\t\t<div class=\"icontext-text\">\r\n\t\t\t\t<h3>efficiency<\/h3>\n<p>for the cheek area up to maximum effectiveness possible<\/p>\n<p>Ein Facelift in D\u00e4mmerschlaf bzw. schonender Allgemeinnarkose wird immer noch ein paar Prozent mehr Effekt m\u00f6glich machen. Aber f\u00fcr mittelgradigen Haut\u00fcberschuss, der auf die Region Wange alleine (oder auch Hals alleine) beschr\u00e4nkt ist, darf der Wirkgrad ohne weiteres etwas schw\u00e4cher angesetzt werden f\u00fcr ein nat\u00fcrliches und harmonisches Ergebnis. Da ist dann immer noch einiges \u00fcber Feuchtigkeit, Volumen, Kollagen &amp; Gewebestraffheit zu verbessern.m<\/p>\n\t\t\t<\/div>\r\n\t\t<\/div>\r\n\r\n\t<\/div>\r\n<\/div>\r\n\n\n\n<hr class=\"wp-block-separator has-css-opacity\"\/>\n\n\n\r\n<div id=\"cta-block_f4724784b27a91ff071dcdeb861d570a\" class=\"icontext-block\">\r\n\t<div class=\"row\">\r\n\t\t\r\n\t\t<div class=\"col-sm-1 col-12 reveal\">\r\n\t\t\t\t\t\t\t<div class=\"icontext-icon icon-white-clock\"><\/div>\r\n\t\t\t\t\t<\/div>\r\n\r\n\t\t<div class=\"col-sm-11 col-12 reveal\">\r\n\t\t\t<div class=\"icontext-text\">\r\n\t\t\t\t<h3>duration of surgery<\/h3>\n<p>mini lift <strong>about 120 minutes<\/strong><\/p>\n<p>&nbsp;<\/p>\n\t\t\t<\/div>\r\n\t\t<\/div>\r\n\r\n\t<\/div>\r\n<\/div>\r\n\n\n\n<hr class=\"wp-block-separator has-css-opacity\"\/>\n\n\n\r\n<div id=\"cta-block_faf2f777c52354311b190eefbf3b72c6\" class=\"icontext-block\">\r\n\t<div class=\"row\">\r\n\t\t\r\n\t\t<div class=\"col-sm-1 col-12 reveal\">\r\n\t\t\t\t\t\t\t<div class=\"icontext-icon icon-white-rotate-ccw\"><\/div>\r\n\t\t\t\t\t<\/div>\r\n\r\n\t\t<div class=\"col-sm-11 col-12 reveal\">\r\n\t\t\t<div class=\"icontext-text\">\r\n\t\t\t\t<h3>repetition of the treatment<\/h3>\n<p>Any excess skin that has been removed will not grow back. But of course the tissue continues to give way as we get older. This can lead to new excess skin - which is sometimes removed again by surgery. This can be the case after a few years or even decades. A certain amount of easing of the tightening can also be noticed in the first few months when the initial swelling (which also causes a slight increase in volume) goes down.<\/p>\n\t\t\t<\/div>\r\n\t\t<\/div>\r\n\r\n\t<\/div>\r\n<\/div>\r\n\n\n\n<hr class=\"wp-block-separator has-css-opacity\"\/>\n\n\n\r\n<div id=\"cta-block_26b334b1f48ce5a6cebb2b87150f69aa\" class=\"icontext-block\">\r\n\t<div class=\"row\">\r\n\t\t\r\n\t\t<div class=\"col-sm-1 col-12 reveal\">\r\n\t\t\t\t\t\t\t<div class=\"icontext-icon icon-white-user\"><\/div>\r\n\t\t\t\t\t<\/div>\r\n\r\n\t\t<div class=\"col-sm-11 col-12 reveal\">\r\n\t\t\t<div class=\"icontext-text\">\r\n\t\t\t\t<h3>Application in which body region<\/h3>\n<p>Face:<strong> cheek\/neck<\/strong><\/p>\n\t\t\t<\/div>\r\n\t\t<\/div>\r\n\r\n\t<\/div>\r\n<\/div>\r\n\n\n\n<hr class=\"wp-block-separator has-css-opacity\"\/>\n\n\n\r\n<div id=\"cta-block_230fad26672e5f35c34b03c7e29ed2f8\" class=\"icontext-block\">\r\n\t<div class=\"row\">\r\n\t\t\r\n\t\t<div class=\"col-sm-1 col-12 reveal\">\r\n\t\t\t\t\t\t\t<div class=\"icontext-icon icon-dark-arrow-down\"><\/div>\r\n\t\t\t\t\t<\/div>\r\n\r\n\t\t<div class=\"col-sm-11 col-12 reveal\">\r\n\t\t\t<div class=\"icontext-text\">\r\n\t\t\t\t<h3>alternatives<\/h3>\n<p>Alternatives are not equivalent.<\/p>\n<p>These include:<\/p>\n<ul>\n<li><strong>volume lift<\/strong> with hyaluronic acid, autologous fat, etc.<\/li>\n<li><strong>tightening with heat<\/strong> such as radio frequency or ultrasound (e.g. HIFU) or laser<\/li>\n<li><strong>Needling<\/strong> medically about collagen formation and tightening of existing collagen<\/li>\n<\/ul>\n\t\t\t<\/div>\r\n\t\t<\/div>\r\n\r\n\t<\/div>\r\n<\/div>\r\n\n\n\n<hr class=\"wp-block-separator has-css-opacity\"\/>\n\n\n\r\n<div id=\"cta-block_08ff15f690134bd80537024ef6cd25b8\" class=\"icontext-block\">\r\n\t<div class=\"row\">\r\n\t\t\r\n\t\t<div class=\"col-sm-1 col-12 reveal\">\r\n\t\t\t\t\t\t\t<div class=\"icontext-icon icon-white-play\"><\/div>\r\n\t\t\t\t\t<\/div>\r\n\r\n\t\t<div class=\"col-sm-11 col-12 reveal\">\r\n\t\t\t<div class=\"icontext-text\">\r\n\t\t\t\t<h3><strong>decision-making aids<\/strong><\/h3>\n<p>Essentially, these are <strong>fundamental decisions<\/strong>, die ein Minilift ausmachen.a<\/p>\n\t\t\t<\/div>\r\n\t\t<\/div>\r\n\r\n\t<\/div>\r\n<\/div>\r\n\n\n\r\n<div id=\"cta-block_459f45d351c61155a0ccc2f4a1cecbbd\" class=\"icontext-block\">\r\n\t<div class=\"row\">\r\n\t\t\r\n\t\t<div class=\"col-sm-1 col-12 reveal\">\r\n\t\t\t\t\t\t\t<div class=\"icontext-icon lettter_number\">1<\/div>\r\n\t\t\t\t\t<\/div>\r\n\r\n\t\t<div class=\"col-sm-11 col-12 reveal\">\r\n\t\t\t<div class=\"icontext-text\">\r\n\t\t\t\t<p>Should I get a mini lift <strong>do it at all?<\/strong> \u2013 Sometimes it is the better decision not to do something.<\/p>\n<p>A minilift is an operation for which you should be mentally stable. Since you will feel the local anesthetic being administered, you should not be afraid of needles or very anxious. The decision should be well considered.<\/p>\n<p>Once a certain amount of excess skin has been reached, it can only be improved to the maximum extent by surgery. Even if all other methods are repeated and combined (volume, heat, etc.), only a certain effect can be achieved without surgery.<\/p>\n<p>Good advice highlights all the advantages and disadvantages of an operation \u2013 and thus helps you make the right decision.<\/p>\n\t\t\t<\/div>\r\n\t\t<\/div>\r\n\r\n\t<\/div>\r\n<\/div>\r\n\n\n\r\n<div id=\"cta-block_808b89fb12c4bfe36d8a23e2ad544d8f\" class=\"icontext-block\">\r\n\t<div class=\"row\">\r\n\t\t\r\n\t\t<div class=\"col-sm-1 col-12 reveal\">\r\n\t\t\t\t\t\t\t<div class=\"icontext-icon lettter_number\">2<\/div>\r\n\t\t\t\t\t<\/div>\r\n\r\n\t\t<div class=\"col-sm-11 col-12 reveal\">\r\n\t\t\t<div class=\"icontext-text\">\r\n\t\t\t\t<p><strong>Excess skin:<\/strong><\/p>\n<p>while improvements with volume or heat are in the range of a few <strong>mm<\/strong> \u2013 the effect of a facelift is 2-3-4<strong>cm<\/strong> (at least in some places). It is mainly about redistributing and tightening the subcutaneous tissue (SMAS) and adjusting the excess skin around the ear. As little tension as possible should be applied to the earlobe in order to lengthen the earlobe as little as possible (which can sometimes be a problem)<\/p>\n\t\t\t<\/div>\r\n\t\t<\/div>\r\n\r\n\t<\/div>\r\n<\/div>\r\n\n\n\r\n<div id=\"cta-block_c268f131e793e772c44b72b1907d54bd\" class=\"icontext-block\">\r\n\t<div class=\"row\">\r\n\t\t\r\n\t\t<div class=\"col-sm-1 col-12 reveal\">\r\n\t\t\t\t\t\t\t<div class=\"icontext-icon lettter_number\">3<\/div>\r\n\t\t\t\t\t<\/div>\r\n\r\n\t\t<div class=\"col-sm-11 col-12 reveal\">\r\n\t\t\t<div class=\"icontext-text\">\r\n\t\t\t\t<p><strong>cut=scar<br \/>\n<\/strong><\/p>\n<p>An incision always means a scar. This is no different, especially with a facelift. Anyone who is known to have poor scarring should think carefully about this procedure.<\/p>\n<p>However, if the wound heals normally, the scars that remain (after a healing phase of up to one year) can be very inconspicuous. It is always important to make the incision individually tailored.<\/p>\n<p>In the area of <strong>tragus<\/strong> (cartilage in front of the ear canal) can, depending on the ear\/cheek transition, anatomy and skin condition, <strong>cut before or after<\/strong> be more suitable.<\/p>\n<p>Depending on hairstyle, hair thickness and anatomy, a <strong>Incision in front of or within the hairy temple region<\/strong> (if necessary) be better.<\/p>\n<p>l<\/p>\n\t\t\t<\/div>\r\n\t\t<\/div>\r\n\r\n\t<\/div>\r\n<\/div>\r\n\n\n\r\n<div id=\"cta-block_251f0504199603eade351ea55f7a2a34\" class=\"icontext-block\">\r\n\t<div class=\"row\">\r\n\t\t\r\n\t\t<div class=\"col-sm-1 col-12 reveal\">\r\n\t\t\t\t\t\t\t<div class=\"icontext-icon lettter_number\">4<\/div>\r\n\t\t\t\t\t<\/div>\r\n\r\n\t\t<div class=\"col-sm-11 col-12 reveal\">\r\n\t\t\t<div class=\"icontext-text\">\r\n\t\t\t\t<p><strong>Minimum or maximum variant?<\/strong><\/p>\n<p>Incision = scar. This applies to all operations. In principle, the shorter the incision, the better. However, a longer incision can produce a better and more natural result. So it is important to find a suitable compromise. The mini-lift variant is always in the shorter incision range.<\/p>\n\t\t\t<\/div>\r\n\t\t<\/div>\r\n\r\n\t<\/div>\r\n<\/div>\r\n\n\n\r\n<div id=\"cta-block_701ccf4d9be45f86ec557ddfb3307a69\" class=\"icontext-block\">\r\n\t<div class=\"row\">\r\n\t\t\r\n\t\t<div class=\"col-sm-1 col-12 reveal\">\r\n\t\t\t\t\t\t\t<div class=\"icontext-icon lettter_number\">5<\/div>\r\n\t\t\t\t\t<\/div>\r\n\r\n\t\t<div class=\"col-sm-11 col-12 reveal\">\r\n\t\t\t<div class=\"icontext-text\">\r\n\t\t\t\t<p><strong>how many regions?<\/strong><\/p>\n<p>The following applies here: since a certain incision length is actually always sensible or necessary, it should always be considered whether, if improvements are desired in a neighboring region (for example, the middle of the face, eyebrow or neck or all of it), the desired parts should not be combined as a facelift with appropriate twilight anesthesia or general anesthesia.<\/p>\n<p>A mini lift is usually only useful for improving one region (brow, cheek or neck).<\/p>\n<p>e<\/p>\n\t\t\t<\/div>\r\n\t\t<\/div>\r\n\r\n\t<\/div>\r\n<\/div>\r\n\n\n\n<hr class=\"wp-block-separator has-css-opacity\"\/>\n\n\n\r\n<div id=\"cta-block_a9745aaa9e751eae77b7a31f2d5dcd32\" class=\"icontext-block\">\r\n\t<div class=\"row\">\r\n\t\t\r\n\t\t<div class=\"col-sm-1 col-12 reveal\">\r\n\t\t\t\t\t\t\t<div class=\"icontext-icon icon-white-frage\"><\/div>\r\n\t\t\t\t\t<\/div>\r\n\r\n\t\t<div class=\"col-sm-11 col-12 reveal\">\r\n\t\t\t<div class=\"icontext-text\">\r\n\t\t\t\t<h3><strong>What should you have heard\/read before buying a mini lift?<\/strong><\/h3>\n<p>If only one region needs to be improved, a mini lift can be a very good option.<\/p>\n\t\t\t<\/div>\r\n\t\t<\/div>\r\n\r\n\t<\/div>\r\n<\/div>\r\n\n\n\n<hr class=\"wp-block-separator has-css-opacity\"\/>\n\n\n\r\n<div id=\"cta-block_519cd9173cd56767a116c2dac05a7977\" class=\"icontext-block\">\r\n\t<div class=\"row\">\r\n\t\t\r\n\t\t<div class=\"col-sm-1 col-12 reveal\">\r\n\t\t\t\t\t\t\t<div class=\"icontext-icon icon-white-frage\"><\/div>\r\n\t\t\t\t\t<\/div>\r\n\r\n\t\t<div class=\"col-sm-11 col-12 reveal\">\r\n\t\t\t<div class=\"icontext-text\">\r\n\t\t\t\t<h3><strong>Prejudices<\/strong><\/h3>\n<p><strong>A mini lift always looks unnatural:<\/strong> As a surgeon, you hear this statement again and again. But I can&#039;t confirm this from experience - on the contrary: if the volume is exaggerated, it often leads to extremely unnatural results. A well-done facelift should not change your character in any way - it should simply provide more freshness and create a friendly, younger facial expression.<\/p>\n<p>&nbsp;<\/p>\n\t\t\t<\/div>\r\n\t\t<\/div>\r\n\r\n\t<\/div>\r\n<\/div>\r\n\n\n\n<hr class=\"wp-block-separator has-css-opacity\"\/>\n\n\n\r\n<div id=\"cta-block_46f31ae4beaea9a1ef9b405a89f9d5e4\" class=\"icontext-block\">\r\n\t<div class=\"row\">\r\n\t\t\r\n\t\t<div class=\"col-sm-1 col-12 reveal\">\r\n\t\t\t\t\t\t\t<div class=\"icontext-icon icon-white-check\"><\/div>\r\n\t\t\t\t\t<\/div>\r\n\r\n\t\t<div class=\"col-sm-11 col-12 reveal\">\r\n\t\t\t<div class=\"icontext-text\">\r\n\t\t\t\t<h3><strong>facts<\/strong><\/h3>\n<p>While there has been a temporary decline in facelifts in recent years due to the promotion of alternatives such as ultrasound, the opposite effect is currently being seen. The number of facelifts is increasing significantly again. And for good reason: there is simply no comparable alternative!<\/p>\n\t\t\t<\/div>\r\n\t\t<\/div>\r\n\r\n\t<\/div>\r\n<\/div>\r\n\n\n\n<hr class=\"wp-block-separator has-css-opacity\"\/>\n\n\n\r\n<div id=\"cta-block_c887b2fbffeea446df14d75ce9c64975\" class=\"icontext-block\">\r\n\t<div class=\"row\">\r\n\t\t\r\n\t\t<div class=\"col-sm-1 col-12 reveal\">\r\n\t\t\t\t\t\t\t<div class=\"icontext-icon icon-white--\"><\/div>\r\n\t\t\t\t\t<\/div>\r\n\r\n\t\t<div class=\"col-sm-11 col-12 reveal\">\r\n\t\t\t<div class=\"icontext-text\">\r\n\t\t\t\t<h3><strong>most common possible side effects\/complications<\/strong><\/h3>\n<ul>\n<li>Post-operative bleeding \u2013 slightly more common in the face than in other areas, men are more often affected<\/li>\n<li>Asymmetry (always present on two sides to a certain extent)<\/li>\n<li>scar<\/li>\n<li>infection<\/li>\n<li>(if usually temporary) nerve weakness, but theoretically also permanent facial nerve paralysis<\/li>\n<\/ul>\n\t\t\t<\/div>\r\n\t\t<\/div>\r\n\r\n\t<\/div>\r\n<\/div>\r\n\n\n\r\n<div id=\"cta-block_3ac67d63bfeb057513ef65b60723a8e2\" class=\"icontext-block\">\r\n\t<div class=\"row\">\r\n\t\t\r\n\t\t<div class=\"col-sm-1 col-12 reveal\">\r\n\t\t\t\t\t\t\t<div class=\"icontext-icon icon-dark-arrow-right\"><\/div>\r\n\t\t\t\t\t<\/div>\r\n\r\n\t\t<div class=\"col-sm-11 col-12 reveal\">\r\n\t\t\t<div class=\"icontext-text\">\r\n\t\t\t\t<p><strong>details<\/strong> Information on possible complications can be found in the information documents<\/p>\n<p>In summary, good preparation (information, explanation, preliminary examinations, analysis, etc.) and the surgeon\u2019s experience are the most important factors for a successful minilift<\/p>\n<p>One should <strong>no fear of needles<\/strong> have or <strong>particularly anxious<\/strong> be<\/p>\n\t\t\t<\/div>\r\n\t\t<\/div>\r\n\r\n\t<\/div>\r\n<\/div>\r\n\n\n\n<hr class=\"wp-block-separator has-css-opacity\"\/>\n\n\n\r\n<div id=\"cta-block_d751df6e1a045f2a6b3d6e94aaeccb54\" class=\"icontext-block\">\r\n\t<div class=\"row\">\r\n\t\t\r\n\t\t<div class=\"col-sm-1 col-12 reveal\">\r\n\t\t\t\t\t\t\t<div class=\"icontext-icon icon-white-slash\"><\/div>\r\n\t\t\t\t\t<\/div>\r\n\r\n\t\t<div class=\"col-sm-11 col-12 reveal\">\r\n\t\t\t<div class=\"icontext-text\">\r\n\t\t\t\t<h3>You should avoid\u2026<\/h3>\n<ul>\n<li><strong>removal of too much skin<br \/>\n<\/strong><\/li>\n<li><strong>skin tightening alone<\/strong><\/li>\n<li><strong>short cuts at any price \u2013 even with mini lifts<\/strong>:\n<ul>\n<li>After surgery, a good shape is always more important than the length of the incision<\/li>\n<li>a slightly longer scar can lead to better transitions and therefore more naturalness<\/li>\n<\/ul>\n<\/li>\n<\/ul>\n\t\t\t<\/div>\r\n\t\t<\/div>\r\n\r\n\t<\/div>\r\n<\/div>\r\n\n\n\n<hr class=\"wp-block-separator has-css-opacity\"\/>\n\n\n\r\n<div id=\"cta-block_7f865bed27539c255b7a0eb3b663bfda\" class=\"icontext-block\">\r\n\t<div class=\"row\">\r\n\t\t\r\n\t\t<div class=\"col-sm-1 col-12 reveal\">\r\n\t\t\t\t\t\t\t<div class=\"icontext-icon icon-white-N\"><\/div>\r\n\t\t\t\t\t<\/div>\r\n\r\n\t\t<div class=\"col-sm-11 col-12 reveal\">\r\n\t\t\t<div class=\"icontext-text\">\r\n\t\t\t\t<h3>anesthesia<\/h3>\n<ul>\n<li><strong>Local anesthesia<\/strong> plus painkillers before the operation \u2013 if the injection is done slowly and gradually, the local anesthetic is easy to tolerate.<\/li>\n<\/ul>\n\t\t\t<\/div>\r\n\t\t<\/div>\r\n\r\n\t<\/div>\r\n<\/div>\r\n\n\n\n<hr class=\"wp-block-separator has-css-opacity\"\/>\n\n\n\r\n<div id=\"cta-block_d6261e4be244ce343003f4cb85a84d0f\" class=\"icontext-block\">\r\n\t<div class=\"row\">\r\n\t\t\r\n\t\t<div class=\"col-sm-1 col-12 reveal\">\r\n\t\t\t\t\t\t\t<div class=\"icontext-icon icon-white-VOR\"><\/div>\r\n\t\t\t\t\t<\/div>\r\n\r\n\t\t<div class=\"col-sm-11 col-12 reveal\">\r\n\t\t\t<div class=\"icontext-text\">\r\n\t\t\t\t<h3><strong>the operation<\/strong><\/h3>\n<p>Deadlines must be met in Austria (surgical information and anesthesia information) \u2013 this means that there is a waiting period of at least 3-4 weeks from the decision to undergo breast enlargement, but often longer.<\/p>\n<p>We will inform you if a <a href=\"https:\/\/medicalbeautyconcepts.com\/en\/psychological-assessment-before-surgery\/\"><strong>psychological report<\/strong><\/a> may be necessary before your surgery.<\/p>\n<p>THINKING POSITIVELY \u2013 helps. It not only prolongs life, but is also always a good first step towards any treatment or operation.<\/p>\n<p>No blood-thinning medication until 10 days before the operation \u2013 also no ginger or citrus fruits!<\/p>\n\t\t\t<\/div>\r\n\t\t<\/div>\r\n\r\n\t<\/div>\r\n<\/div>\r\n\n\n\n<hr class=\"wp-block-separator has-css-opacity\"\/>\n\n\n\r\n<div id=\"cta-block_aec9566670432ad7cb4f9e5e525a6555\" class=\"icontext-block\">\r\n\t<div class=\"row\">\r\n\t\t\r\n\t\t<div class=\"col-sm-1 col-12 reveal\">\r\n\t\t\t\t\t\t\t<div class=\"icontext-icon icon-white-NACH\"><\/div>\r\n\t\t\t\t\t<\/div>\r\n\r\n\t\t<div class=\"col-sm-11 col-12 reveal\">\r\n\t\t\t<div class=\"icontext-text\">\r\n\t\t\t\t<h3><strong>the operation<\/strong><\/h3>\n<p>Rest for 3 weeks in the sense of:<\/p>\n<ul>\n<li>do not lift more than 5-6kg<\/li>\n<li>nothing jerky<\/li>\n<li>don&#039;t work headfirst<\/li>\n<\/ul>\n<p>Wearing a bandage for about 5-6 weeks (especially at night)<\/p>\n\t\t\t<\/div>\r\n\t\t<\/div>\r\n\r\n\t<\/div>\r\n<\/div>\r\n\n\n\n<hr class=\"wp-block-separator has-css-opacity\"\/>\n\n\n\r\n<div id=\"cta-block_936e507ebe62017cf0bbb6607c24d221\" class=\"icontext-block\">\r\n\t<div class=\"row\">\r\n\t\t\r\n\t\t<div class=\"col-sm-1 col-12 reveal\">\r\n\t\t\t\t\t\t\t<div class=\"icontext-icon icon-white-star\"><\/div>\r\n\t\t\t\t\t<\/div>\r\n\r\n\t\t<div class=\"col-sm-11 col-12 reveal\">\r\n\t\t\t<div class=\"icontext-text\">\r\n\t\t\t\t<h3><strong>our preferred technique\/recommendation<\/strong><\/h3>\n<ul>\n<li>SMAS Minilift \u2013 lifting and tightening of the muscle-connective tissue system under the skin \u2013 creates maximum naturalness<\/li>\n<li>Anesthesia: Local anesthesia<\/li>\n<\/ul>\n\t\t\t<\/div>\r\n\t\t<\/div>\r\n\r\n\t<\/div>\r\n<\/div>\r\n\n\n\n<hr class=\"wp-block-separator has-css-opacity\"\/>\n\n\n\r\n<div id=\"cta-block_a469ed2ec281c4a39ee62043a79bc6bd\" class=\"icontext-block\">\r\n\t<div class=\"row\">\r\n\t\t\r\n\t\t<div class=\"col-sm-1 col-12 reveal\">\r\n\t\t\t\t\t\t\t<div class=\"icontext-icon icon-white-e\"><\/div>\r\n\t\t\t\t\t<\/div>\r\n\r\n\t\t<div class=\"col-sm-11 col-12 reveal\">\r\n\t\t\t<div class=\"icontext-text\">\r\n\t\t\t\t<h3><strong>Cost<\/strong><\/h3>\n<p>Guidelines:<\/p>\n<p><strong>from 4500 Minilift in LA<\/strong><\/p>\n<p>from 4900 Minilift with midface lift in LA<\/p>\n<p>65 optional special price recommended scar ointment + disinfectant spray (after surgery 74)<\/p>\n<p>minus consultation costs<\/p>\n<p>400 optional overnight stay at the clinic with nurse\/450 for overnight stay from Friday to Saturday \u2013 if necessary or useful<\/p>\n<p>100 Costs for day admission to the clinic (if no overnight stay is planned) \u2013 if necessary and reasonable<\/p>\n<p>The final total price will be determined during the second consultation (=consent) depending on the combinations, desired clinic and room category<\/p>\n\t\t\t<\/div>\r\n\t\t<\/div>\r\n\r\n\t<\/div>\r\n<\/div>\r\n\n\n\r\n<div id=\"cta-block_4b16c78aa460cdc15eddab4b3670f81a\" class=\"icontext-block\">\r\n\t<div class=\"row\">\r\n\t\t\r\n\t\t<div class=\"col-sm-1 col-12 reveal\">\r\n\t\t\t\t\t\t\t<div class=\"icontext-icon icon-dark-tag\"><\/div>\r\n\t\t\t\t\t<\/div>\r\n\r\n\t\t<div class=\"col-sm-11 col-12 reveal\">\r\n\t\t\t<div class=\"icontext-text\">\r\n\t\t\t\t<h3>reasonable budget<\/h3>\n<p>A final cost estimate is only possible and meaningful after a detailed on-site inspection and clarification of individual wishes.<\/p>\n\t\t\t<\/div>\r\n\t\t<\/div>\r\n\r\n\t<\/div>\r\n<\/div>\r\n\n\n\n<hr class=\"wp-block-separator has-css-opacity\"\/>\n\n\n\r\n<div id=\"cta-block_d500c24acd9eafe2cb3034c053c88337\" class=\"icontext-block\">\r\n\t<div class=\"row\">\r\n\t\t\r\n\t\t<div class=\"col-sm-1 col-12 reveal\">\r\n\t\t\t\t\t\t\t<div class=\"icontext-icon icon-white-calendar\"><\/div>\r\n\t\t\t\t\t<\/div>\r\n\r\n\t\t<div class=\"col-sm-11 col-12 reveal\">\r\n\t\t\t<div class=\"icontext-text\">\r\n\t\t\t\t<h3>downtime<\/h3>\n<p>In general, <strong>2-3 weeks of rest<\/strong> be taken into account \u2013 this means specifically:<\/p>\n<ul>\n<li>lifting no more than 5-6 kg<\/li>\n<li>no jerky movements<\/li>\n<li>do not perform any activities overhead<\/li>\n<\/ul>\n\t\t\t<\/div>\r\n\t\t<\/div>\r\n\r\n\t<\/div>\r\n<\/div>\r\n\n\n\n<hr class=\"wp-block-separator has-css-opacity\"\/>\n\n\n\r\n<div id=\"cta-block_b00a9bdcded30be211d245ef497e00c9\" class=\"icontext-block\">\r\n\t<div class=\"row\">\r\n\t\t\r\n\t\t<div class=\"col-sm-1 col-12 reveal\">\r\n\t\t\t\t\t\t\t<div class=\"icontext-icon icon-white-excla\"><\/div>\r\n\t\t\t\t\t<\/div>\r\n\r\n\t\t<div class=\"col-sm-11 col-12 reveal\">\r\n\t\t\t<div class=\"icontext-text\">\r\n\t\t\t\t<h3>Important to know\u2026<\/h3>\n<ul>\n<li>A mini lift also provides access to the <strong>psyche<\/strong> It is a challenge for the patient \u2013 if you are not really stable, it is better to look for alternatives \u2013 but experience has shown that the minilift is somewhat less stressful than a facelift.<\/li>\n<\/ul>\n<p>&nbsp;<\/p>\n<p>&nbsp;<\/p>\n\t\t\t<\/div>\r\n\t\t<\/div>\r\n\r\n\t<\/div>\r\n<\/div>\r\n\n\n\n<hr class=\"wp-block-separator has-alpha-channel-opacity\"\/>\n\n\n\n<p>Nothing can replace a personal, individual consultation with a specialist with the appropriate experience and the right aesthetic sensitivity. We will be happy to advise you in detail \u2013 arrange your&nbsp;<strong>Consultation appointment at 0699 19988009<\/strong> or contact us via our <a href=\"http:\/\/www.durnig.at\/kontakt\/\"><strong>contact form<\/strong><\/a>. Your consultation will take place in one of our offices in <strong>Klagenfurt <\/strong>at the Domplatz or in the Falkensteiner Schlosshotel in <strong>Velden <\/strong>(Carinthia). We look forward to seeing you!<\/p>\n\n\n\n<hr class=\"wp-block-separator has-alpha-channel-opacity\"\/>\n\n\n\n<h3 class=\"wp-block-heading\">Where will my consultation\/information about the minilift take place?<\/h3>\n\n\n\n<p>You can find us here:<\/p>\n\n\n\n<ul class=\"wp-block-list\">\n<li><strong>Ordination Klagenfurt<\/strong> Domplatz: Lidmanskygasse 8, 9020 Klagenfurt am W\u00f6rthersee<\/li>\n<\/ul>\n\n\n\n<div class=\"wp-block-media-text is-stacked-on-mobile\" style=\"grid-template-columns:37% auto\"><figure class=\"wp-block-media-text__media\"><img loading=\"lazy\" decoding=\"async\" width=\"1024\" height=\"683\" src=\"https:\/\/medicalbeautyconcepts.com\/wp-content\/uploads\/2024\/09\/Ordination-Dr.-Durnig-Lidmanskygasse-8-1024x683.jpg\" alt=\"\" class=\"wp-image-7397 size-full\" srcset=\"https:\/\/medicalbeautyconcepts.com\/wp-content\/uploads\/2024\/09\/Ordination-Dr.-Durnig-Lidmanskygasse-8-1024x683.jpg 1024w, https:\/\/medicalbeautyconcepts.com\/wp-content\/uploads\/2024\/09\/Ordination-Dr.-Durnig-Lidmanskygasse-8-300x200.jpg 300w, https:\/\/medicalbeautyconcepts.com\/wp-content\/uploads\/2024\/09\/Ordination-Dr.-Durnig-Lidmanskygasse-8-768x512.jpg 768w, https:\/\/medicalbeautyconcepts.com\/wp-content\/uploads\/2024\/09\/Ordination-Dr.-Durnig-Lidmanskygasse-8-1536x1024.jpg 1536w, https:\/\/medicalbeautyconcepts.com\/wp-content\/uploads\/2024\/09\/Ordination-Dr.-Durnig-Lidmanskygasse-8-2048x1366.jpg 2048w, https:\/\/medicalbeautyconcepts.com\/wp-content\/uploads\/2024\/09\/Ordination-Dr.-Durnig-Lidmanskygasse-8-550x367.jpg 550w, https:\/\/medicalbeautyconcepts.com\/wp-content\/uploads\/2024\/09\/Ordination-Dr.-Durnig-Lidmanskygasse-8-740x493.jpg 740w\" sizes=\"auto, (max-width: 1024px) 100vw, 1024px\" \/><\/figure><div class=\"wp-block-media-text__content\">\n<p>Welcome to our <strong>Ordination in the center of Klagenfurt<\/strong>We are happy to discuss all your <strong>Questions &amp; requests about<\/strong> <strong>Your gentle minilift<\/strong>.<\/p>\n<\/div><\/div>\n\n\n\n<ul class=\"wp-block-list\">\n<li><strong>Ordination Velden<\/strong> Falkensteiner Schlosshotel Velden: Schlosspark 1, 9220 Velden am W\u00f6rthersee<\/li>\n<\/ul>\n\n\n\n<div class=\"wp-block-media-text alignwide is-stacked-on-mobile\" style=\"grid-template-columns:37% auto\"><figure class=\"wp-block-media-text__media\"><img loading=\"lazy\" decoding=\"async\" width=\"1024\" height=\"576\" src=\"https:\/\/medicalbeautyconcepts.com\/wp-content\/uploads\/2022\/01\/Ordination-Schloss-Velden-Dr.-Durnig-Ka\u0308rnten-Plastische-Chirurgie-2-1024x576.jpg\" alt=\"\" class=\"wp-image-4026 size-full\" srcset=\"https:\/\/medicalbeautyconcepts.com\/wp-content\/uploads\/2022\/01\/Ordination-Schloss-Velden-Dr.-Durnig-Ka\u0308rnten-Plastische-Chirurgie-2-1024x576.jpg 1024w, https:\/\/medicalbeautyconcepts.com\/wp-content\/uploads\/2022\/01\/Ordination-Schloss-Velden-Dr.-Durnig-Ka\u0308rnten-Plastische-Chirurgie-2-300x169.jpg 300w, https:\/\/medicalbeautyconcepts.com\/wp-content\/uploads\/2022\/01\/Ordination-Schloss-Velden-Dr.-Durnig-Ka\u0308rnten-Plastische-Chirurgie-2-768x432.jpg 768w, https:\/\/medicalbeautyconcepts.com\/wp-content\/uploads\/2022\/01\/Ordination-Schloss-Velden-Dr.-Durnig-Ka\u0308rnten-Plastische-Chirurgie-2-1536x864.jpg 1536w, https:\/\/medicalbeautyconcepts.com\/wp-content\/uploads\/2022\/01\/Ordination-Schloss-Velden-Dr.-Durnig-Ka\u0308rnten-Plastische-Chirurgie-2-2048x1152.jpg 2048w, https:\/\/medicalbeautyconcepts.com\/wp-content\/uploads\/2022\/01\/Ordination-Schloss-Velden-Dr.-Durnig-Ka\u0308rnten-Plastische-Chirurgie-2-1920x1080.jpg 1920w, https:\/\/medicalbeautyconcepts.com\/wp-content\/uploads\/2022\/01\/Ordination-Schloss-Velden-Dr.-Durnig-Ka\u0308rnten-Plastische-Chirurgie-2-550x309.jpg 550w, https:\/\/medicalbeautyconcepts.com\/wp-content\/uploads\/2022\/01\/Ordination-Schloss-Velden-Dr.-Durnig-Ka\u0308rnten-Plastische-Chirurgie-2-740x416.jpg 740w\" sizes=\"auto, (max-width: 1024px) 100vw, 1024px\" \/><\/figure><div class=\"wp-block-media-text__content\">\n<p>On request, your consultation\/information will take place in our <strong>Ordination at the Falkensteiner Schlosshotel in Velden<\/strong> Welcome to a short trip to Lake W\u00f6rthersee \ud83d\ude42<\/p>\n<\/div><\/div>\n\n\n\n<p>If you are from <strong>Carinthia<\/strong> (Klagenfurt, Villach, Wolfsberg, Feldkirchen, St. Veit an der Glan, Spittal an der Drau, V\u00f6lkermarkt, Friesach, Velden, etc.), you will find the right way to us...<\/p>\n\n\n\n<ul class=\"wp-block-list\">\n<li>Arrival by <strong><a href=\"https:\/\/www.viamichelin.at\/web\/Routenplaner\">car<\/a><\/strong><\/li>\n\n\n\n<li>Arrival with the <strong><a href=\"https:\/\/routenplaner.kaerntner-linien.at\/\">K\u00e4rntner Linien<\/a><\/strong><\/li>\n\n\n\n<li>Arrival by <strong><a href=\"https:\/\/www.thetrainline.com\/de\/bahnunternehmen\/oebb?gclid=CjwKCAiA866PBhAYEiwANkIneObaU4BXugWRZ_eYJrlCQYl17QYxAPHksLgX_aDQNT4njLiz9mhnFxoCojwQAvD_BwE&amp;gclsrc=aw.ds\">Train<\/a><\/strong><\/li>\n<\/ul>\n\n\n\n<p>You are traveling <strong>Vienna\/Lower Austria\/Burgenland<\/strong> (Vienna, St. P\u00f6lten, Wiener Neustadt, Klosterneuburg, Baden, Krems, Amstetten, M\u00f6dling, Traiskirchen, Schwechat, Stockerau, Tulln, Korneuburg, Eisenstadt) <strong>Upper Austria <\/strong>(Linz, Leonding, Bad Ischl, Wels, Steyr, Traun, Enns, Ried, Braunau, Ansfelden, Marchtrenk, V\u00f6cklabruck) <strong>Salzburg<\/strong> (Salzburg, Hallein, Saalfelden, St. Johann, Bischofshofen, Seekirchen) <strong>Styria <\/strong>(Leoben, Kapfenberg, Judenburg, Liezen, Murau, Feldbach, Gratwein, Knittelfeld, Leibnitz, Deutschlandsberg, Weitz, Mariazell, Admont, Schladming, Bruck an der Mur) <strong>Tyrol\/Vorarlberg<\/strong> (Innsbruck, Kufstein, Telfs, Schwaz, Hall, W\u00f6rgl, Lienz, Feldkirch, Bregenz, Lustenau, Hohenems, Bludenz, Hard)? This is how you find the right way to us...<\/p>\n\n\n\n<ul class=\"wp-block-list\">\n<li>Arrival by <strong><a href=\"https:\/\/www.viamichelin.at\/web\/Routenplaner\">car<\/a><\/strong><\/li>\n\n\n\n<li>Arrival by <strong><a href=\"https:\/\/www.thetrainline.com\/de\/bahnunternehmen\/oebb?gclid=CjwKCAiA866PBhAYEiwANkIneObaU4BXugWRZ_eYJrlCQYl17QYxAPHksLgX_aDQNT4njLiz9mhnFxoCojwQAvD_BwE&amp;gclsrc=aw.ds\">Train<\/a><\/strong><\/li>\n\n\n\n<li>Arrival by <strong><a href=\"https:\/\/airport-klagenfurt.at\/\">Airplane<\/a><\/strong><\/li>\n<\/ul>\n\n\n\n<hr class=\"wp-block-separator has-alpha-channel-opacity\"\/>\n\n\n\n<h3 class=\"wp-block-heading\">Where is my surgery planned?<\/h3>\n\n\n\n<p><strong>Ordination Klagenfurt<\/strong>: Lidmanskygasse 8, 9020 Klagenfurt am W\u00f6rthersee<\/p>\n\n\n\n<div class=\"wp-block-media-text is-stacked-on-mobile\" style=\"grid-template-columns:43% auto\"><figure class=\"wp-block-media-text__media\"><img loading=\"lazy\" decoding=\"async\" width=\"1024\" height=\"683\" src=\"https:\/\/medicalbeautyconcepts.com\/wp-content\/uploads\/2024\/09\/Ordination-Dr.-Durnig-Lidmanskygasse-8-1024x683.jpg\" alt=\"\" class=\"wp-image-7397 size-full\" srcset=\"https:\/\/medicalbeautyconcepts.com\/wp-content\/uploads\/2024\/09\/Ordination-Dr.-Durnig-Lidmanskygasse-8-1024x683.jpg 1024w, https:\/\/medicalbeautyconcepts.com\/wp-content\/uploads\/2024\/09\/Ordination-Dr.-Durnig-Lidmanskygasse-8-300x200.jpg 300w, https:\/\/medicalbeautyconcepts.com\/wp-content\/uploads\/2024\/09\/Ordination-Dr.-Durnig-Lidmanskygasse-8-768x512.jpg 768w, https:\/\/medicalbeautyconcepts.com\/wp-content\/uploads\/2024\/09\/Ordination-Dr.-Durnig-Lidmanskygasse-8-1536x1024.jpg 1536w, https:\/\/medicalbeautyconcepts.com\/wp-content\/uploads\/2024\/09\/Ordination-Dr.-Durnig-Lidmanskygasse-8-2048x1366.jpg 2048w, https:\/\/medicalbeautyconcepts.com\/wp-content\/uploads\/2024\/09\/Ordination-Dr.-Durnig-Lidmanskygasse-8-550x367.jpg 550w, https:\/\/medicalbeautyconcepts.com\/wp-content\/uploads\/2024\/09\/Ordination-Dr.-Durnig-Lidmanskygasse-8-740x493.jpg 740w\" sizes=\"auto, (max-width: 1024px) 100vw, 1024px\" \/><\/figure><div class=\"wp-block-media-text__content\">\n<p>Our practice is located in the center of Klagenfurt, directly across from the cathedral. Minor procedures or treatments can be performed in our own operating room in a private atmosphere.<\/p>\n<\/div><\/div>\n\n\n\n<h5 class=\"wp-block-heading\">Where is Dr. Durnig&#039;s practice?<\/h5>\n\n\n\n<p>You can find us at Lidmanskygasse 8, directly opposite Klagenfurt Cathedral.<\/p>\n\n\n\n<h5 class=\"wp-block-heading\">Dr. Durnig\u2019s practice \u2013 Where can I park or get picked up?<\/h5>\n\n\n\n<p>There are several underground garages and parking spaces around the practice:<\/p>\n\n\n\n<p>The most modern underground car park is only a few hundred meters away from the AestheticOP: <strong><a href=\"https:\/\/www.9022.at\/parkgarage.xhtml\">Vitaneum underground car park<\/a><\/strong> \u2013 the parking garage at the Benediktinermarkt.<\/p>\n\n\n\n<p>Also just a few hundred meters away is the <strong><a href=\"https:\/\/www.apcoa.at\/parken\/klagenfurt\/lindwurm-klagenfurt-apcoa\/\">Lindwurm underground car park<\/a><\/strong>.<\/p>\n\n\n\n<p>Directly opposite the ordination and below the cathedral area is the <strong><a href=\"https:\/\/wmgroup-parking.at\/tiefgaragezentrumklagenfurt\/\">Domplatz underground car park<\/a><\/strong>.<\/p>\n\n\n\n<p>In the cathedral area there are many <strong>parking spaces with short-term parking zones<\/strong>.<\/p>\n\n\n\n<hr class=\"wp-block-separator has-alpha-channel-opacity\"\/>\n\n\n\n<p><strong>AestheticOP Private Surgery Klagenfurt<\/strong>: Stauderplatz 5, 9020 Klagenfurt am W\u00f6rthersee<\/p>\n\n\n\n<div class=\"wp-block-media-text alignwide is-stacked-on-mobile\" style=\"grid-template-columns:43% auto\"><figure class=\"wp-block-media-text__media\"><img loading=\"lazy\" decoding=\"async\" width=\"841\" height=\"1024\" src=\"https:\/\/medicalbeautyconcepts.com\/wp-content\/uploads\/2024\/03\/Empfang-Aesthetic-OP-841x1024.jpg\" alt=\"\" class=\"wp-image-6919 size-full\" srcset=\"https:\/\/medicalbeautyconcepts.com\/wp-content\/uploads\/2024\/03\/Empfang-Aesthetic-OP-841x1024.jpg 841w, https:\/\/medicalbeautyconcepts.com\/wp-content\/uploads\/2024\/03\/Empfang-Aesthetic-OP-246x300.jpg 246w, https:\/\/medicalbeautyconcepts.com\/wp-content\/uploads\/2024\/03\/Empfang-Aesthetic-OP-768x936.jpg 768w, https:\/\/medicalbeautyconcepts.com\/wp-content\/uploads\/2024\/03\/Empfang-Aesthetic-OP-1261x1536.jpg 1261w, https:\/\/medicalbeautyconcepts.com\/wp-content\/uploads\/2024\/03\/Empfang-Aesthetic-OP-1681x2048.jpg 1681w, https:\/\/medicalbeautyconcepts.com\/wp-content\/uploads\/2024\/03\/Empfang-Aesthetic-OP-534x650.jpg 534w, https:\/\/medicalbeautyconcepts.com\/wp-content\/uploads\/2024\/03\/Empfang-Aesthetic-OP-452x550.jpg 452w\" sizes=\"auto, (max-width: 841px) 100vw, 841px\" \/><\/figure><div class=\"wp-block-media-text__content\">\n<p>Welcome to the new AestheticOP!<\/p>\n\n\n\n<p>Operations of the highest quality in the center of Klagenfurt. For safe surgical treatments in a comfortable atmosphere. We look forward to welcoming you to the new operating room!<\/p>\n<\/div><\/div>\n\n\n\n<p>Aesthetic surgery Klagenfurt Carinthia = <strong>aesthetic surgeries<\/strong> in the <strong>private surgery<\/strong> in Klagenfurt Carinthia:<\/p>\n\n\n\n<p>We specialize in gentle aesthetic operations preferably under twilight anesthesia with short rehabilitation<\/p>\n\n\n\n<p>in the <strong>state-of-the-art operating room<\/strong> for outpatient surgeries or surgeries with overnight stay<\/p>\n\n\n\n<p>Plastic surgery and cosmetic surgery in a private atmosphere <\/p>\n\n\n\n<p><\/p>\n\n\n\n<p>What you should know about it...<\/p>\n\n\n\n<h5 class=\"wp-block-heading\">Where is the AestheticOP?<\/h5>\n\n\n\n<p>You can find us at <strong>Stauderplatz 5<\/strong> in the center of Klagenfurt.<\/p>\n\n\n\n<h5 class=\"wp-block-heading\">AestheticOP \u2013 Where can I park or get picked up?<\/h5>\n\n\n\n<p>There are several underground garages and parking spaces around the AestheticOP:<\/p>\n\n\n\n<p>The most modern underground car park is only a few hundred meters away from the AestheticOP: <strong><a href=\"https:\/\/www.9022.at\/parkgarage.xhtml\">Vitaneum underground car park<\/a><\/strong> \u2013 the parking garage at the Benediktinermarkt.<\/p>\n\n\n\n<p>Also just a few hundred meters away is the <strong><a href=\"https:\/\/www.apcoa.at\/parken\/klagenfurt\/lindwurm-klagenfurt-apcoa\/\">Lindwurm underground car park<\/a><\/strong>.<\/p>\n\n\n\n<p>Directly in the AestheticOP building is the <strong><a href=\"https:\/\/www.apcoa.at\/parken\/klagenfurt\/heiligengeist-klagenfurt-apcoa\/\">Heiligengeist underground car park<\/a><\/strong>Here you can park in the same building and have someone take you to the operation and pick you up again.<\/p>\n\n\n\n<p>Direct <strong><a href=\"https:\/\/www.apcoa.at\/parken\/klagenfurt\/heiligengeist-klagenfurt-apcoa\/\">at Stauderplatz<\/a><\/strong> there are some <strong>parking spaces with short-term parking zones<\/strong>.<\/p>\n\n\n\n<p>For installment payments or financing, we can offer you <a href=\"https:\/\/medicalbeautyconcepts.com\/en\/beauty-credit-installment-payment-financing\/\"><strong>beautyredit.at<\/strong><\/a> recommend. You can also find information about this in our STORIES<\/p>\n\n\n\n<p>There are various providers of consequential cost insurance in Austria. For example, we can offer you: <strong>beautyprotect.com <\/strong>recommend.<\/p>","protected":false},"featured_media":1746,"template":"","categories":[5,27,29,31],"class_list":["post-477","behandlungen","type-behandlungen","status-publish","has-post-thumbnail","hentry","category-gesicht","category-mittelgesicht","category-wange-kinnlinie","category-hals"],"acf":[],"yoast_head":"<!-- This site is optimized with the Yoast SEO plugin v26.8 - https:\/\/yoast.com\/product\/yoast-seo-wordpress\/ -->\n<title>Minilift | Medical Beauty Concepts | Dr. DURNIG Klagenfurt K\u00e4rnten<\/title>\n<meta name=\"description\" content=\"Minilift\/Mini-Facelift: Preis, Lokale Bet\u00e4ubung, h\u00e4ufige Fragen, OP-Technik, Schnitt, Alternativen, Aufallzeit ca. 1 Woche bis 10 Tage\" \/>\n<meta name=\"robots\" content=\"index, follow, max-snippet:-1, max-image-preview:large, max-video-preview:-1\" \/>\n<link rel=\"canonical\" href=\"https:\/\/medicalbeautyconcepts.com\/en\/treatments\/minilift\/\" \/>\n<meta property=\"og:locale\" content=\"en_GB\" \/>\n<meta property=\"og:type\" content=\"article\" \/>\n<meta property=\"og:title\" content=\"Minilift | Medical Beauty Concepts | Dr. DURNIG Klagenfurt K\u00e4rnten\" \/>\n<meta property=\"og:description\" content=\"Minilift\/Mini-Facelift: Preis, Lokale Bet\u00e4ubung, h\u00e4ufige Fragen, OP-Technik, Schnitt, Alternativen, Aufallzeit ca. 1 Woche bis 10 Tage\" \/>\n<meta property=\"og:url\" content=\"https:\/\/medicalbeautyconcepts.com\/en\/treatments\/minilift\/\" \/>\n<meta property=\"og:site_name\" content=\"Medical Beauty Concepts\" \/>\n<meta property=\"article:modified_time\" content=\"2026-02-03T11:06:38+00:00\" \/>\n<meta property=\"og:image\" content=\"https:\/\/medicalbeautyconcepts.com\/wp-content\/uploads\/2020\/07\/Minilift-Gesicht-Straffung-Wangenlift-Kinnlinie-Lokale-Beta\u0308ubung-Dr.-Durnig-Medical-Beauty-Concepts-Klagenfurt-Villach-Sankt-Veit-Schloss-Velden-Med-Spa-scaled.jpg\" \/>\n\t<meta property=\"og:image:width\" content=\"2560\" \/>\n\t<meta property=\"og:image:height\" content=\"2368\" \/>\n\t<meta property=\"og:image:type\" content=\"image\/jpeg\" \/>\n<meta name=\"twitter:card\" content=\"summary_large_image\" \/>\n<meta name=\"twitter:label1\" content=\"Estimated reading time\" \/>\n\t<meta name=\"twitter:data1\" content=\"6 minutes\" \/>\n<script type=\"application\/ld+json\" class=\"yoast-schema-graph\">{\"@context\":\"https:\/\/schema.org\",\"@graph\":[{\"@type\":\"WebPage\",\"@id\":\"https:\/\/medicalbeautyconcepts.com\/behandlungen\/minilift\/\",\"url\":\"https:\/\/medicalbeautyconcepts.com\/behandlungen\/minilift\/\",\"name\":\"Minilift | Medical Beauty Concepts | Dr. DURNIG Klagenfurt K\u00e4rnten\",\"isPartOf\":{\"@id\":\"https:\/\/medicalbeautyconcepts.com\/#website\"},\"primaryImageOfPage\":{\"@id\":\"https:\/\/medicalbeautyconcepts.com\/behandlungen\/minilift\/#primaryimage\"},\"image\":{\"@id\":\"https:\/\/medicalbeautyconcepts.com\/behandlungen\/minilift\/#primaryimage\"},\"thumbnailUrl\":\"https:\/\/medicalbeautyconcepts.com\/wp-content\/uploads\/2020\/07\/Minilift-Gesicht-Straffung-Wangenlift-Kinnlinie-Lokale-Beta\u0308ubung-Dr.-Durnig-Medical-Beauty-Concepts-Klagenfurt-Villach-Sankt-Veit-Schloss-Velden-Med-Spa-scaled.jpg\",\"datePublished\":\"2020-04-20T17:31:01+00:00\",\"dateModified\":\"2026-02-03T11:06:38+00:00\",\"description\":\"Minilift\/Mini-Facelift: Preis, Lokale Bet\u00e4ubung, h\u00e4ufige Fragen, OP-Technik, Schnitt, Alternativen, Aufallzeit ca. 1 Woche bis 10 Tage\",\"breadcrumb\":{\"@id\":\"https:\/\/medicalbeautyconcepts.com\/behandlungen\/minilift\/#breadcrumb\"},\"inLanguage\":\"en-GB\",\"potentialAction\":[{\"@type\":\"ReadAction\",\"target\":[\"https:\/\/medicalbeautyconcepts.com\/behandlungen\/minilift\/\"]}]},{\"@type\":\"ImageObject\",\"inLanguage\":\"en-GB\",\"@id\":\"https:\/\/medicalbeautyconcepts.com\/behandlungen\/minilift\/#primaryimage\",\"url\":\"https:\/\/medicalbeautyconcepts.com\/wp-content\/uploads\/2020\/07\/Minilift-Gesicht-Straffung-Wangenlift-Kinnlinie-Lokale-Beta\u0308ubung-Dr.-Durnig-Medical-Beauty-Concepts-Klagenfurt-Villach-Sankt-Veit-Schloss-Velden-Med-Spa-scaled.jpg\",\"contentUrl\":\"https:\/\/medicalbeautyconcepts.com\/wp-content\/uploads\/2020\/07\/Minilift-Gesicht-Straffung-Wangenlift-Kinnlinie-Lokale-Beta\u0308ubung-Dr.-Durnig-Medical-Beauty-Concepts-Klagenfurt-Villach-Sankt-Veit-Schloss-Velden-Med-Spa-scaled.jpg\",\"width\":2560,\"height\":2368},{\"@type\":\"BreadcrumbList\",\"@id\":\"https:\/\/medicalbeautyconcepts.com\/behandlungen\/minilift\/#breadcrumb\",\"itemListElement\":[{\"@type\":\"ListItem\",\"position\":1,\"name\":\"Home\",\"item\":\"https:\/\/medicalbeautyconcepts.com\/\"},{\"@type\":\"ListItem\",\"position\":2,\"name\":\"Minilift\"}]},{\"@type\":\"WebSite\",\"@id\":\"https:\/\/medicalbeautyconcepts.com\/#website\",\"url\":\"https:\/\/medicalbeautyconcepts.com\/\",\"name\":\"Medical Beauty Concepts\",\"description\":\"Premium Aesthetic Medicine\",\"publisher\":{\"@id\":\"https:\/\/medicalbeautyconcepts.com\/#organization\"},\"potentialAction\":[{\"@type\":\"SearchAction\",\"target\":{\"@type\":\"EntryPoint\",\"urlTemplate\":\"https:\/\/medicalbeautyconcepts.com\/?s={search_term_string}\"},\"query-input\":{\"@type\":\"PropertyValueSpecification\",\"valueRequired\":true,\"valueName\":\"search_term_string\"}}],\"inLanguage\":\"en-GB\"},{\"@type\":\"Organization\",\"@id\":\"https:\/\/medicalbeautyconcepts.com\/#organization\",\"name\":\"Medical Beauty Concepts\",\"url\":\"https:\/\/medicalbeautyconcepts.com\/\",\"logo\":{\"@type\":\"ImageObject\",\"inLanguage\":\"en-GB\",\"@id\":\"https:\/\/medicalbeautyconcepts.com\/#\/schema\/logo\/image\/\",\"url\":\"https:\/\/medicalbeautyconcepts.com\/wp-content\/uploads\/2019\/08\/medical-beauty-concepts.png\",\"contentUrl\":\"https:\/\/medicalbeautyconcepts.com\/wp-content\/uploads\/2019\/08\/medical-beauty-concepts.png\",\"width\":442,\"height\":134,\"caption\":\"Medical Beauty Concepts\"},\"image\":{\"@id\":\"https:\/\/medicalbeautyconcepts.com\/#\/schema\/logo\/image\/\"},\"sameAs\":[\"https:\/\/www.instagram.com\/plastischechirurgiegram\/\"]}]}<\/script>\n<!-- \/ Yoast SEO plugin. -->","yoast_head_json":{"title":"Minilift | Medical Beauty Concepts | Dr. DURNIG Klagenfurt Carinthia","description":"Minilift\/Mini-Facelift: Price, local anesthesia, frequently asked questions, surgical technique, incision, alternatives, recovery time approx. 1 week to 10 days","robots":{"index":"index","follow":"follow","max-snippet":"max-snippet:-1","max-image-preview":"max-image-preview:large","max-video-preview":"max-video-preview:-1"},"canonical":"https:\/\/medicalbeautyconcepts.com\/en\/treatments\/minilift\/","og_locale":"en_GB","og_type":"article","og_title":"Minilift | Medical Beauty Concepts | Dr. DURNIG Klagenfurt K\u00e4rnten","og_description":"Minilift\/Mini-Facelift: Preis, Lokale Bet\u00e4ubung, h\u00e4ufige Fragen, OP-Technik, Schnitt, Alternativen, Aufallzeit ca. 1 Woche bis 10 Tage","og_url":"https:\/\/medicalbeautyconcepts.com\/en\/treatments\/minilift\/","og_site_name":"Medical Beauty Concepts","article_modified_time":"2026-02-03T11:06:38+00:00","og_image":[{"width":2560,"height":2368,"url":"https:\/\/medicalbeautyconcepts.com\/wp-content\/uploads\/2020\/07\/Minilift-Gesicht-Straffung-Wangenlift-Kinnlinie-Lokale-Beta\u0308ubung-Dr.-Durnig-Medical-Beauty-Concepts-Klagenfurt-Villach-Sankt-Veit-Schloss-Velden-Med-Spa-scaled.jpg","type":"image\/jpeg"}],"twitter_card":"summary_large_image","twitter_misc":{"Estimated reading time":"6 minutes"},"schema":{"@context":"https:\/\/schema.org","@graph":[{"@type":"WebPage","@id":"https:\/\/medicalbeautyconcepts.com\/behandlungen\/minilift\/","url":"https:\/\/medicalbeautyconcepts.com\/behandlungen\/minilift\/","name":"Minilift | Medical Beauty Concepts | Dr. DURNIG Klagenfurt Carinthia","isPartOf":{"@id":"https:\/\/medicalbeautyconcepts.com\/#website"},"primaryImageOfPage":{"@id":"https:\/\/medicalbeautyconcepts.com\/behandlungen\/minilift\/#primaryimage"},"image":{"@id":"https:\/\/medicalbeautyconcepts.com\/behandlungen\/minilift\/#primaryimage"},"thumbnailUrl":"https:\/\/medicalbeautyconcepts.com\/wp-content\/uploads\/2020\/07\/Minilift-Gesicht-Straffung-Wangenlift-Kinnlinie-Lokale-Beta\u0308ubung-Dr.-Durnig-Medical-Beauty-Concepts-Klagenfurt-Villach-Sankt-Veit-Schloss-Velden-Med-Spa-scaled.jpg","datePublished":"2020-04-20T17:31:01+00:00","dateModified":"2026-02-03T11:06:38+00:00","description":"Minilift\/Mini-Facelift: Price, local anesthesia, frequently asked questions, surgical technique, incision, alternatives, recovery time approx. 1 week to 10 days","breadcrumb":{"@id":"https:\/\/medicalbeautyconcepts.com\/behandlungen\/minilift\/#breadcrumb"},"inLanguage":"en-GB","potentialAction":[{"@type":"ReadAction","target":["https:\/\/medicalbeautyconcepts.com\/behandlungen\/minilift\/"]}]},{"@type":"ImageObject","inLanguage":"en-GB","@id":"https:\/\/medicalbeautyconcepts.com\/behandlungen\/minilift\/#primaryimage","url":"https:\/\/medicalbeautyconcepts.com\/wp-content\/uploads\/2020\/07\/Minilift-Gesicht-Straffung-Wangenlift-Kinnlinie-Lokale-Beta\u0308ubung-Dr.-Durnig-Medical-Beauty-Concepts-Klagenfurt-Villach-Sankt-Veit-Schloss-Velden-Med-Spa-scaled.jpg","contentUrl":"https:\/\/medicalbeautyconcepts.com\/wp-content\/uploads\/2020\/07\/Minilift-Gesicht-Straffung-Wangenlift-Kinnlinie-Lokale-Beta\u0308ubung-Dr.-Durnig-Medical-Beauty-Concepts-Klagenfurt-Villach-Sankt-Veit-Schloss-Velden-Med-Spa-scaled.jpg","width":2560,"height":2368},{"@type":"BreadcrumbList","@id":"https:\/\/medicalbeautyconcepts.com\/behandlungen\/minilift\/#breadcrumb","itemListElement":[{"@type":"ListItem","position":1,"name":"Home","item":"https:\/\/medicalbeautyconcepts.com\/"},{"@type":"ListItem","position":2,"name":"Minilift"}]},{"@type":"WebSite","@id":"https:\/\/medicalbeautyconcepts.com\/#website","url":"https:\/\/medicalbeautyconcepts.com\/","name":"Medical Beauty Concepts","description":"Premium Aesthetic Medicine","publisher":{"@id":"https:\/\/medicalbeautyconcepts.com\/#organization"},"potentialAction":[{"@type":"SearchAction","target":{"@type":"EntryPoint","urlTemplate":"https:\/\/medicalbeautyconcepts.com\/?s={search_term_string}"},"query-input":{"@type":"PropertyValueSpecification","valueRequired":true,"valueName":"search_term_string"}}],"inLanguage":"en-GB"},{"@type":"Organization","@id":"https:\/\/medicalbeautyconcepts.com\/#organization","name":"Medical Beauty Concepts","url":"https:\/\/medicalbeautyconcepts.com\/","logo":{"@type":"ImageObject","inLanguage":"en-GB","@id":"https:\/\/medicalbeautyconcepts.com\/#\/schema\/logo\/image\/","url":"https:\/\/medicalbeautyconcepts.com\/wp-content\/uploads\/2019\/08\/medical-beauty-concepts.png","contentUrl":"https:\/\/medicalbeautyconcepts.com\/wp-content\/uploads\/2019\/08\/medical-beauty-concepts.png","width":442,"height":134,"caption":"Medical Beauty Concepts"},"image":{"@id":"https:\/\/medicalbeautyconcepts.com\/#\/schema\/logo\/image\/"},"sameAs":["https:\/\/www.instagram.com\/plastischechirurgiegram\/"]}]}},"_links":{"self":[{"href":"https:\/\/medicalbeautyconcepts.com\/en\/wp-json\/wp\/v2\/behandlungen\/477","targetHints":{"allow":["GET"]}}],"collection":[{"href":"https:\/\/medicalbeautyconcepts.com\/en\/wp-json\/wp\/v2\/behandlungen"}],"about":[{"href":"https:\/\/medicalbeautyconcepts.com\/en\/wp-json\/wp\/v2\/types\/behandlungen"}],"wp:featuredmedia":[{"embeddable":true,"href":"https:\/\/medicalbeautyconcepts.com\/en\/wp-json\/wp\/v2\/media\/1746"}],"wp:attachment":[{"href":"https:\/\/medicalbeautyconcepts.com\/en\/wp-json\/wp\/v2\/media?parent=477"}],"wp:term":[{"taxonomy":"category","embeddable":true,"href":"https:\/\/medicalbeautyconcepts.com\/en\/wp-json\/wp\/v2\/categories?post=477"}],"curies":[{"name":"wp","href":"https:\/\/api.w.org\/{rel}","templated":true}]}}