{"id":461,"date":"2020-04-20T11:40:14","date_gmt":"2020-04-20T09:40:14","guid":{"rendered":"https:\/\/medicalbeautyconcepts.com\/?post_type=behandlungen&#038;p=461"},"modified":"2026-01-01T18:43:03","modified_gmt":"2026-01-01T17:43:03","slug":"facelift-neck-lift","status":"publish","type":"behandlungen","link":"https:\/\/medicalbeautyconcepts.com\/en\/treatments\/facelift-neck-lift\/","title":{"rendered":"facelift neck lift"},"content":{"rendered":"<p>A facelift or neck lift is THE classic plastic surgery operation. And contrary to its reputation, it actually stands for optimal naturalness with maximum effect. <\/p>\n\n\n\n<p>Our Beauty Concepts are designed to help you keep track:<\/p>\n\n\n\n<p>Learn more about the <strong>classic facelift and neck lift<\/strong>. Learn about possible alternatives: For example, treatment with <strong><a href=\"https:\/\/medicalbeautyconcepts.com\/en\/treatments\/hyaluronic-biostimulating\/\">biostimulating hyaluronic acid<\/a><\/strong>, heat treatments such as <strong><a href=\"https:\/\/medicalbeautyconcepts.com\/en\/treatments\/hifu-ultraschall\/\">HIFU lifting<\/a><\/strong> or <strong><a href=\"https:\/\/medicalbeautyconcepts.com\/en\/treatments\/thread-lift\/\">thread lifting<\/a><\/strong>Useful complementary treatments or operations are also described. Tightening the mid-face region with a <strong><a href=\"https:\/\/medicalbeautyconcepts.com\/en\/mid-face-lift-in-klagenfurt-carinthia\/\">midface lift<\/a><\/strong> can bring a lot of additional freshness and repositioning to this important region.<\/p>\n\n\n\n<p>You will find out objectively and honestly all the details about the effectiveness and duration of the possible planned operation. You will learn more about sensible intervals for repetition, as well as prejudices and facts.<\/p>\n\n\n\n<p>With every operation, patients take certain risks: possible complications are discussed honestly and options for avoiding them are presented.<\/p>\n\n\n\n<p>One of the most common questions is about the cost of the treatment or operation. Beauty Concepts provides transparent information about a reasonable budget and the cost of the operation.<\/p>\n\n\n\r\n<div id=\"cta-block_91e450dcfcc48787178f399fef548731\" class=\"icontext-block\">\r\n\t<div class=\"row\">\r\n\t\t\r\n\t\t<div class=\"col-sm-1 col-12 reveal\">\r\n\t\t\t\t\t\t\t<div class=\"icontext-icon icon-white-equal\"><\/div>\r\n\t\t\t\t\t<\/div>\r\n\r\n\t\t<div class=\"col-sm-11 col-12 reveal\">\r\n\t\t\t<div class=\"icontext-text\">\r\n\t\t\t\t<h3><strong>Facelift \u2013 Synonyms &amp; Principle<br \/>\n<\/strong><\/h3>\n<p><strong>synonyms<\/strong>: the term facelift is often used in the sense of a complete forehead, eyebrow, cheek and neck lift. In fact, a facelift only means tightening the cheek region - and can be supplemented in the direction of the middle face (front), eyebrow\/forehead (top) and chin line\/neck (bottom)<\/p>\n<p><strong>principle<\/strong>: permanent skin removal and optimization\/tightening of the soft tissue in the cheek area \u2013 and as an extension towards the middle face (front), brow\/forehead (top) and chin line\/neck (bottom)<\/p>\n<p>&nbsp;<\/p>\n\t\t\t<\/div>\r\n\t\t<\/div>\r\n\r\n\t<\/div>\r\n<\/div>\r\n\n\n\n<hr class=\"wp-block-separator has-css-opacity\"\/>\n\n\n\r\n<div id=\"cta-block_96eccaf350d1141469dade35dabdb2f7\" class=\"icontext-block\">\r\n\t<div class=\"row\">\r\n\t\t\r\n\t\t<div class=\"col-sm-1 col-12 reveal\">\r\n\t\t\t\t\t\t\t<div class=\"icontext-icon icon-white-and\"><\/div>\r\n\t\t\t\t\t<\/div>\r\n\r\n\t\t<div class=\"col-sm-11 col-12 reveal\">\r\n\t\t\t<div class=\"icontext-text\">\r\n\t\t\t\t<h3>is often combined with\u2026<\/h3>\n<ul>\n<li><strong>eyelid surgery<\/strong>: Upper eyelid lift &amp; lower eyelid lift<\/li>\n<li><strong>Botox &amp; Hyaluron<\/strong>: Lower side of the eye &amp; brow area<\/li>\n<li><strong>autologous fat<\/strong><\/li>\n<li><strong>blood plasma<\/strong><\/li>\n<\/ul>\n\t\t\t<\/div>\r\n\t\t<\/div>\r\n\r\n\t<\/div>\r\n<\/div>\r\n\n\n\n<hr class=\"wp-block-separator has-css-opacity\"\/>\n\n\n\r\n<div id=\"cta-block_6c6751c2bf14cb45d6f5c85a5212f720\" class=\"icontext-block\">\r\n\t<div class=\"row\">\r\n\t\t\r\n\t\t<div class=\"col-sm-1 col-12 reveal\">\r\n\t\t\t\t\t\t\t<div class=\"icontext-icon icon-white-percent\"><\/div>\r\n\t\t\t\t\t<\/div>\r\n\r\n\t\t<div class=\"col-sm-11 col-12 reveal\">\r\n\t\t\t<div class=\"icontext-text\">\r\n\t\t\t\t<h3>efficiency<\/h3>\n<p>For the cheek area, an (almost) maximum degree of effectiveness is possible. However, beyond a certain degree of tightening, it becomes unnatural and there is increasing tension on the scar - which in turn worsens the quality of the scar. It is then better to supplement it with other effects, e.g. hyaluronic acid or blood plasma, etc.<\/p>\n<p>100% effectiveness in the sense of the maximum possible overall effect is not possible with just a facelift, although the proportion in some faces can be up to 70-80-90%. However, the remainder is distributed across moisture, collagen, volume, skin surface, etc. - and can therefore also be supplemented in this direction.<\/p>\n<p>When pushing the maximum possible effect, it is often useful to tighten the adjacent regions upwards (brow region) and downwards (neck region) as a supplement and for maximum effect. Otherwise, the transition to the neighboring region of the effect is too strong - and can then form horizontal wrinkles or look unnatural.<\/p>\n\t\t\t<\/div>\r\n\t\t<\/div>\r\n\r\n\t<\/div>\r\n<\/div>\r\n\n\n\n<hr class=\"wp-block-separator has-css-opacity\"\/>\n\n\n\r\n<div id=\"cta-block_bbea21f9323008c31d69a145be8ef191\" class=\"icontext-block\">\r\n\t<div class=\"row\">\r\n\t\t\r\n\t\t<div class=\"col-sm-1 col-12 reveal\">\r\n\t\t\t\t\t\t\t<div class=\"icontext-icon icon-white-clock\"><\/div>\r\n\t\t\t\t\t<\/div>\r\n\r\n\t\t<div class=\"col-sm-11 col-12 reveal\">\r\n\t\t\t<div class=\"icontext-text\">\r\n\t\t\t\t<h3>duration of surgery<\/h3>\n<p>facelift <strong>about 120 minutes<\/strong><\/p>\n<p>facelift &amp; neck lift <strong>about 180 minutes<\/strong><\/p>\n<p>neck lift<strong> about 120 minutes<\/strong><\/p>\n\t\t\t<\/div>\r\n\t\t<\/div>\r\n\r\n\t<\/div>\r\n<\/div>\r\n\n\n\n<hr class=\"wp-block-separator has-css-opacity\"\/>\n\n\n\r\n<div id=\"cta-block_dc981dfd61166a1dc339ded23113d097\" class=\"icontext-block\">\r\n\t<div class=\"row\">\r\n\t\t\r\n\t\t<div class=\"col-sm-1 col-12 reveal\">\r\n\t\t\t\t\t\t\t<div class=\"icontext-icon icon-white-rotate-ccw\"><\/div>\r\n\t\t\t\t\t<\/div>\r\n\r\n\t\t<div class=\"col-sm-11 col-12 reveal\">\r\n\t\t\t<div class=\"icontext-text\">\r\n\t\t\t\t<h3>repetition of the treatment<\/h3>\n<p>Any excess skin that has been removed will not grow back. But of course the tissue gives way with age. This can lead to new excess skin - which is sometimes removed again by surgery. This can be the case after a few years or even decades. A certain amount of easing of the tightening can also be noticed in the first few months when the initial swelling (which also causes a slight increase in volume) goes down.<\/p>\n\t\t\t<\/div>\r\n\t\t<\/div>\r\n\r\n\t<\/div>\r\n<\/div>\r\n\n\n\n<hr class=\"wp-block-separator has-css-opacity\"\/>\n\n\n\r\n<div id=\"cta-block_c2975954d59288be6a9f52f3c7e7a5f5\" class=\"icontext-block\">\r\n\t<div class=\"row\">\r\n\t\t\r\n\t\t<div class=\"col-sm-1 col-12 reveal\">\r\n\t\t\t\t\t\t\t<div class=\"icontext-icon icon-white-user\"><\/div>\r\n\t\t\t\t\t<\/div>\r\n\r\n\t\t<div class=\"col-sm-11 col-12 reveal\">\r\n\t\t\t<div class=\"icontext-text\">\r\n\t\t\t\t<h3>Application in which body region<\/h3>\n<p><strong>face\/cheek\/neck\/middle face<\/strong><\/p>\n\t\t\t<\/div>\r\n\t\t<\/div>\r\n\r\n\t<\/div>\r\n<\/div>\r\n\n\n\n<hr class=\"wp-block-separator has-css-opacity\"\/>\n\n\n\r\n<div id=\"cta-block_f7a3f01f05613cb6bac7a1e966eccb19\" class=\"icontext-block\">\r\n\t<div class=\"row\">\r\n\t\t\r\n\t\t<div class=\"col-sm-1 col-12 reveal\">\r\n\t\t\t\t\t\t\t<div class=\"icontext-icon icon-white-arrow-down\"><\/div>\r\n\t\t\t\t\t<\/div>\r\n\r\n\t\t<div class=\"col-sm-11 col-12 reveal\">\r\n\t\t\t<div class=\"icontext-text\">\r\n\t\t\t\t<h3>alternatives<\/h3>\n<p>Alternatives are not equivalent.<\/p>\n<p>These include:<\/p>\n<ul>\n<li><strong>volume lift<\/strong> with hyaluronic acid, autologous fat, etc.<\/li>\n<li><strong>tightening with heat<\/strong> such as radio frequency or ultrasound (e.g. HIFU) or laser<\/li>\n<li><strong>Needling<\/strong> medically about collagen formation and tightening of existing collagen<\/li>\n<li><strong>thread lift<\/strong><\/li>\n<\/ul>\n\t\t\t<\/div>\r\n\t\t<\/div>\r\n\r\n\t<\/div>\r\n<\/div>\r\n\n\n\n<hr class=\"wp-block-separator has-css-opacity\"\/>\n\n\n\r\n<div id=\"cta-block_4a29d4ef06f89056146ac12cb16c25bb\" class=\"icontext-block\">\r\n\t<div class=\"row\">\r\n\t\t\r\n\t\t<div class=\"col-sm-1 col-12 reveal\">\r\n\t\t\t\t\t\t\t<div class=\"icontext-icon icon-white-play\"><\/div>\r\n\t\t\t\t\t<\/div>\r\n\r\n\t\t<div class=\"col-sm-11 col-12 reveal\">\r\n\t\t\t<div class=\"icontext-text\">\r\n\t\t\t\t<h3><strong>decision-making aids<\/strong><\/h3>\n<p>Essentially, these are <strong>fundamental decisions<\/strong>that constitute a facelift.<\/p>\n\t\t\t<\/div>\r\n\t\t<\/div>\r\n\r\n\t<\/div>\r\n<\/div>\r\n\n\n\r\n<div id=\"cta-block_304ae0ca1439455026fa73b40bf9803a\" class=\"icontext-block\">\r\n\t<div class=\"row\">\r\n\t\t\r\n\t\t<div class=\"col-sm-1 col-12 reveal\">\r\n\t\t\t\t\t\t\t<div class=\"icontext-icon lettter_number\">1<\/div>\r\n\t\t\t\t\t<\/div>\r\n\r\n\t\t<div class=\"col-sm-11 col-12 reveal\">\r\n\t\t\t<div class=\"icontext-text\">\r\n\t\t\t\t<p>Should I have a facelift <strong>do it at all?<\/strong> \u2013 Sometimes it is the better decision not to do something.<\/p>\n<p>A facelift in particular is an operation for which one should be psychologically stable. The decision should be well considered. Even if as a surgeon you repeatedly see overjoyed patients after a facelift, a facelift is not the solution to all problems. And it is not right for everyone. Every patient should set their expectations at a realistic level.<\/p>\n<p>Once a certain amount of excess skin has been reached, it can only be improved to the maximum extent by surgery. Even if all other methods are repeated and combined (volume, heat, etc.), only a certain effect can be achieved without surgery.<\/p>\n<p>Good advice highlights all the advantages and disadvantages of an operation \u2013 and thus helps you make the right decision.<\/p>\n\t\t\t<\/div>\r\n\t\t<\/div>\r\n\r\n\t<\/div>\r\n<\/div>\r\n\n\n\r\n<div id=\"cta-block_a74e23135dbd1d13de1172bcb77cf44b\" class=\"icontext-block\">\r\n\t<div class=\"row\">\r\n\t\t\r\n\t\t<div class=\"col-sm-1 col-12 reveal\">\r\n\t\t\t\t\t\t\t<div class=\"icontext-icon lettter_number\">2<\/div>\r\n\t\t\t\t\t<\/div>\r\n\r\n\t\t<div class=\"col-sm-11 col-12 reveal\">\r\n\t\t\t<div class=\"icontext-text\">\r\n\t\t\t\t<p><strong>Excess skin:<\/strong><\/p>\n<p>while improvements with volume or heat are in the range of a few <strong>mm<\/strong> \u2013 the effect of a facelift is 2-3-4<strong>cm<\/strong> (at least in some places). It is mainly about redistributing and tightening the subcutaneous tissue (SMAS) and adjusting the excess skin around the ear. As little tension as possible should be applied to the earlobe in order to lengthen the earlobe as little as possible (which can sometimes be a problem)<\/p>\n\t\t\t<\/div>\r\n\t\t<\/div>\r\n\r\n\t<\/div>\r\n<\/div>\r\n\n\n\r\n<div id=\"cta-block_af2fd4f0b2345d357f8529a35ef30d8c\" class=\"icontext-block\">\r\n\t<div class=\"row\">\r\n\t\t\r\n\t\t<div class=\"col-sm-1 col-12 reveal\">\r\n\t\t\t\t\t\t\t<div class=\"icontext-icon lettter_number\">3<\/div>\r\n\t\t\t\t\t<\/div>\r\n\r\n\t\t<div class=\"col-sm-11 col-12 reveal\">\r\n\t\t\t<div class=\"icontext-text\">\r\n\t\t\t\t<p><strong>cut=scar<br \/>\n<\/strong><\/p>\n<p>An incision always means a scar. This is no different, especially with a facelift. Anyone who is known to have poor scarring should think carefully about this procedure.<\/p>\n<p>However, if the wound heals normally, the scars that remain (after a healing phase of up to one year) can be very inconspicuous. It is always important to make the incision individually tailored.<\/p>\n<p>In the area of <strong>tragus<\/strong> (cartilage in front of the ear canal) can, depending on the ear\/cheek transition, anatomy and skin condition, <strong>cut before or after<\/strong> be more suitable.<\/p>\n<p>Depending on hairstyle, hair thickness and anatomy, a <strong>Incision in front of or within the hairy temple region<\/strong> be better.<\/p>\n<p>&nbsp;<\/p>\n\t\t\t<\/div>\r\n\t\t<\/div>\r\n\r\n\t<\/div>\r\n<\/div>\r\n\n\n\r\n<div id=\"cta-block_cb2439be7f3366c69c4839c31f24ab3d\" class=\"icontext-block\">\r\n\t<div class=\"row\">\r\n\t\t\r\n\t\t<div class=\"col-sm-1 col-12 reveal\">\r\n\t\t\t\t\t\t\t<div class=\"icontext-icon lettter_number\">4<\/div>\r\n\t\t\t\t\t<\/div>\r\n\r\n\t\t<div class=\"col-sm-11 col-12 reveal\">\r\n\t\t\t<div class=\"icontext-text\">\r\n\t\t\t\t<p><strong>Minimum or maximum variant?<\/strong><\/p>\n<p>Incision = scar. This applies to all operations. In principle, the shorter the incision, the better. However, a longer incision can produce a better and more natural result. So it is important to find a suitable compromise.<\/p>\n\t\t\t<\/div>\r\n\t\t<\/div>\r\n\r\n\t<\/div>\r\n<\/div>\r\n\n\n\r\n<div id=\"cta-block_5f37d6c6e79027d46062d185e6337cdf\" class=\"icontext-block\">\r\n\t<div class=\"row\">\r\n\t\t\r\n\t\t<div class=\"col-sm-1 col-12 reveal\">\r\n\t\t\t\t\t\t\t<div class=\"icontext-icon lettter_number\">5<\/div>\r\n\t\t\t\t\t<\/div>\r\n\r\n\t\t<div class=\"col-sm-11 col-12 reveal\">\r\n\t\t\t<div class=\"icontext-text\">\r\n\t\t\t\t<p><strong>how many regions at once?<\/strong><\/p>\n<p>The following applies here: since a certain incision length is actually always sensible or necessary, you should always consider whether to combine both parts if you want to improve a neighboring region (for example the middle face during a facelift). Improving the middle face at a later date actually means the same effort and the same cost.<\/p>\n<p>&nbsp;<\/p>\n\t\t\t<\/div>\r\n\t\t<\/div>\r\n\r\n\t<\/div>\r\n<\/div>\r\n\n\n\n<hr class=\"wp-block-separator has-css-opacity\"\/>\n\n\n\r\n<div id=\"cta-block_2d7e2d33dce113eb76666511c547c548\" class=\"icontext-block\">\r\n\t<div class=\"row\">\r\n\t\t\r\n\t\t<div class=\"col-sm-1 col-12 reveal\">\r\n\t\t\t\t\t\t\t<div class=\"icontext-icon icon-white-frage\"><\/div>\r\n\t\t\t\t\t<\/div>\r\n\r\n\t\t<div class=\"col-sm-11 col-12 reveal\">\r\n\t\t\t<div class=\"icontext-text\">\r\n\t\t\t\t<h3><strong>What should you have heard\/read before a facelift?<\/strong><\/h3>\n<p><strong>scarring<\/strong> - there is usually no such thing as an &quot;invisible scar&quot;! - that&#039;s a fairy tale. Even if in many cases the scar is very inconspicuous and can usually be easily covered by hair and make-up, no surgeon in the world can guarantee that a scar will not become wide, thick and ugly - in other words, noticeable. This can have to do with the compatibility of the thread material, the looseness of the tissue and, above all, with individual predisposition. If you can&#039;t live with a scar, you shouldn&#039;t choose a facelift for yourself! And if you are prone to keloid formation (scar growth), you should also think very carefully about a facelift!<\/p>\n<p><strong>postoperative bleeding<\/strong> \u2013 is more common with facelifts than with other plastic surgery procedures. The face has a good blood supply and is therefore more susceptible. Even if we try a lot to avoid post-operative bleeding after a facelift (assessment before the operation, pressure monitoring after the operation, protecting the head area in the first few days, administering bleeding-reducing medication, etc.), we can never rule out post-operative bleeding, especially with a facelift. It is important to recognize and treat it early, in the sense of reopening, carefully stopping the bleeding and sewing it back up again. If this happens, post-operative bleeding is additional work that is necessary, but usually has no effect on the result.<\/p>\n<p><strong>necrosis<\/strong> (Death of parts of the tissue) \u2013 this risk arises from the method: several centimeters of tissue are cut under and separated from the direct blood supply. The (sensible) bandage puts a certain amount of pressure on the tissue. Even if necrosis is very rare, it can never be ruled out.<\/p>\n\t\t\t<\/div>\r\n\t\t<\/div>\r\n\r\n\t<\/div>\r\n<\/div>\r\n\n\n\n<hr class=\"wp-block-separator has-css-opacity\"\/>\n\n\n\r\n<div id=\"cta-block_c6314cdb6c3a9b280c2033779c447bde\" class=\"icontext-block\">\r\n\t<div class=\"row\">\r\n\t\t\r\n\t\t<div class=\"col-sm-1 col-12 reveal\">\r\n\t\t\t\t\t\t\t<div class=\"icontext-icon icon-white-frage\"><\/div>\r\n\t\t\t\t\t<\/div>\r\n\r\n\t\t<div class=\"col-sm-11 col-12 reveal\">\r\n\t\t\t<div class=\"icontext-text\">\r\n\t\t\t\t<h3><strong>Prejudices<\/strong><\/h3>\n<p><strong>A facelift always looks unnatural:<\/strong> As a surgeon, you hear this statement again and again. But I can&#039;t confirm this from experience - on the contrary: if the volume is exaggerated, it often leads to extremely unnatural results. A well-done facelift should not change your character in any way - it should simply provide more freshness and create a friendly, younger facial expression.<\/p>\n<p>&nbsp;<\/p>\n\t\t\t<\/div>\r\n\t\t<\/div>\r\n\r\n\t<\/div>\r\n<\/div>\r\n\n\n\n<hr class=\"wp-block-separator has-css-opacity\"\/>\n\n\n\r\n<div id=\"cta-block_27a1157cbd6cbc744cfc39dd79c9bb20\" class=\"icontext-block\">\r\n\t<div class=\"row\">\r\n\t\t\r\n\t\t<div class=\"col-sm-1 col-12 reveal\">\r\n\t\t\t\t\t\t\t<div class=\"icontext-icon icon-white-check\"><\/div>\r\n\t\t\t\t\t<\/div>\r\n\r\n\t\t<div class=\"col-sm-11 col-12 reveal\">\r\n\t\t\t<div class=\"icontext-text\">\r\n\t\t\t\t<h3><strong>facts<\/strong><\/h3>\n<p>While there has been a temporary decline in facelifts in recent years due to the promotion of alternatives such as ultrasound, the opposite effect is currently being seen. The number of facelifts is increasing significantly again. And for good reason: there is simply no comparable alternative!<\/p>\n\t\t\t<\/div>\r\n\t\t<\/div>\r\n\r\n\t<\/div>\r\n<\/div>\r\n\n\n\n<hr class=\"wp-block-separator has-css-opacity\"\/>\n\n\n\r\n<div id=\"cta-block_b1351c5fe4ea03b18f35bb5852b1f9f5\" class=\"icontext-block\">\r\n\t<div class=\"row\">\r\n\t\t\r\n\t\t<div class=\"col-sm-1 col-12 reveal\">\r\n\t\t\t\t\t\t\t<div class=\"icontext-icon icon-white--\"><\/div>\r\n\t\t\t\t\t<\/div>\r\n\r\n\t\t<div class=\"col-sm-11 col-12 reveal\">\r\n\t\t\t<div class=\"icontext-text\">\r\n\t\t\t\t<h3><strong>most common possible side effects\/complications<\/strong><\/h3>\n<ul>\n<li>Post-operative bleeding \u2013 slightly more common in the face than in other areas, men are more often affected<\/li>\n<li>Asymmetry (always present on two sides to a certain extent)<\/li>\n<li>scar<\/li>\n<li>infection<\/li>\n<li>(if usually temporary) nerve weakness, but theoretically also permanent facial nerve paralysis<\/li>\n<\/ul>\n\t\t\t<\/div>\r\n\t\t<\/div>\r\n\r\n\t<\/div>\r\n<\/div>\r\n\n\n\r\n<div id=\"cta-block_8d629a76750ebc7f7c4bfd8966a197b0\" class=\"icontext-block\">\r\n\t<div class=\"row\">\r\n\t\t\r\n\t\t<div class=\"col-sm-1 col-12 reveal\">\r\n\t\t\t\t\t\t\t<div class=\"icontext-icon icon-dark-arrow-right\"><\/div>\r\n\t\t\t\t\t<\/div>\r\n\r\n\t\t<div class=\"col-sm-11 col-12 reveal\">\r\n\t\t\t<div class=\"icontext-text\">\r\n\t\t\t\t<p><strong>details<\/strong> Information on possible complications can be found in the information documents<\/p>\n<p>In summary, good preparation (information, explanation, preliminary examinations, analysis, etc.) and the surgeon\u2019s experience are the most important factors for a successful facelift<\/p>\n\t\t\t<\/div>\r\n\t\t<\/div>\r\n\r\n\t<\/div>\r\n<\/div>\r\n\n\n\n<hr class=\"wp-block-separator has-css-opacity\"\/>\n\n\n\r\n<div id=\"cta-block_a8e81abee4034c9702e92af35478baab\" class=\"icontext-block\">\r\n\t<div class=\"row\">\r\n\t\t\r\n\t\t<div class=\"col-sm-1 col-12 reveal\">\r\n\t\t\t\t\t\t\t<div class=\"icontext-icon icon-white-slash\"><\/div>\r\n\t\t\t\t\t<\/div>\r\n\r\n\t\t<div class=\"col-sm-11 col-12 reveal\">\r\n\t\t\t<div class=\"icontext-text\">\r\n\t\t\t\t<h3>You should avoid\u2026<\/h3>\n<ul>\n<li><strong>removal of too much skin<br \/>\n<\/strong><\/li>\n<li><strong>skin tightening alone<\/strong><\/li>\n<li><strong>short cuts at any price<\/strong>:\n<ul>\n<li>After surgery, a good shape is always more important than the length of the incision<\/li>\n<li>a slightly longer scar can lead to better transitions and therefore more naturalness<\/li>\n<\/ul>\n<\/li>\n<\/ul>\n\t\t\t<\/div>\r\n\t\t<\/div>\r\n\r\n\t<\/div>\r\n<\/div>\r\n\n\n\n<hr class=\"wp-block-separator has-css-opacity\"\/>\n\n\n\r\n<div id=\"cta-block_dde5c37942972d27d293ece10a09ce90\" class=\"icontext-block\">\r\n\t<div class=\"row\">\r\n\t\t\r\n\t\t<div class=\"col-sm-1 col-12 reveal\">\r\n\t\t\t\t\t\t\t<div class=\"icontext-icon icon-white-N\"><\/div>\r\n\t\t\t\t\t<\/div>\r\n\r\n\t\t<div class=\"col-sm-11 col-12 reveal\">\r\n\t\t\t<div class=\"icontext-text\">\r\n\t\t\t\t<h3>anesthesia<\/h3>\n<p>Possible <strong>anesthesia<\/strong>forms for a facelift<\/p>\n<ul>\n<li>twilight sleep<\/li>\n<li>Local anesthesia \u2013 only possible with minilift<\/li>\n<li>gentle general anesthesia<\/li>\n<\/ul>\n\t\t\t<\/div>\r\n\t\t<\/div>\r\n\r\n\t<\/div>\r\n<\/div>\r\n\n\n\n<hr class=\"wp-block-separator has-css-opacity\"\/>\n\n\n\r\n<div id=\"cta-block_b2fbfb15b6172ce19548ffac99a79087\" class=\"icontext-block\">\r\n\t<div class=\"row\">\r\n\t\t\r\n\t\t<div class=\"col-sm-1 col-12 reveal\">\r\n\t\t\t\t\t\t\t<div class=\"icontext-icon icon-white-VOR\"><\/div>\r\n\t\t\t\t\t<\/div>\r\n\r\n\t\t<div class=\"col-sm-11 col-12 reveal\">\r\n\t\t\t<div class=\"icontext-text\">\r\n\t\t\t\t<h3><strong>the operation<\/strong><\/h3>\n<p>Deadlines must be met in Austria (surgical information and anesthesia information) \u2013 this means that there is a waiting period of at least 3-4 weeks from the decision to undergo breast enlargement, but often longer.<\/p>\n<p>We will inform you if a <a href=\"https:\/\/medicalbeautyconcepts.com\/en\/psychological-assessment-before-surgery\/\"><strong>psychological report<\/strong><\/a> may be necessary before your surgery.<\/p>\n<p>THINKING POSITIVELY \u2013 helps. It not only prolongs life, but is also always a good first step towards any treatment or operation.<\/p>\n<p>Extreme nervousness, for example, increases blood pressure and thus increases the risk of post-operative bleeding.<\/p>\n\t\t\t<\/div>\r\n\t\t<\/div>\r\n\r\n\t<\/div>\r\n<\/div>\r\n\n\n\n<hr class=\"wp-block-separator has-css-opacity\"\/>\n\n\n\r\n<div id=\"cta-block_0eecab2a7c6f03abe8af1bb8dc28f097\" class=\"icontext-block\">\r\n\t<div class=\"row\">\r\n\t\t\r\n\t\t<div class=\"col-sm-1 col-12 reveal\">\r\n\t\t\t\t\t\t\t<div class=\"icontext-icon icon-white-NACH\"><\/div>\r\n\t\t\t\t\t<\/div>\r\n\r\n\t\t<div class=\"col-sm-11 col-12 reveal\">\r\n\t\t\t<div class=\"icontext-text\">\r\n\t\t\t\t<h3><strong>the operation<\/strong><\/h3>\n<p>Rest for 3 weeks in the sense of:<\/p>\n<ul>\n<li>do not lift more than 5-6kg<\/li>\n<li>nothing jerky<\/li>\n<li>don&#039;t work headfirst<\/li>\n<\/ul>\n<p>Wearing a bandage for about 5-6 weeks (especially at night)<\/p>\n\t\t\t<\/div>\r\n\t\t<\/div>\r\n\r\n\t<\/div>\r\n<\/div>\r\n\n\n\n<hr class=\"wp-block-separator has-css-opacity\"\/>\n\n\n\r\n<div id=\"cta-block_07c6d63cb36a55584ad85b3df05c6e8f\" class=\"icontext-block\">\r\n\t<div class=\"row\">\r\n\t\t\r\n\t\t<div class=\"col-sm-1 col-12 reveal\">\r\n\t\t\t\t\t\t\t<div class=\"icontext-icon icon-white-star\"><\/div>\r\n\t\t\t\t\t<\/div>\r\n\r\n\t\t<div class=\"col-sm-11 col-12 reveal\">\r\n\t\t\t<div class=\"icontext-text\">\r\n\t\t\t\t<h3><strong>our preferred technique\/recommendation<\/strong><\/h3>\n<ul>\n<li>SMAS face-neck lift with mid-face lift and autologous fat \u2013 a combined procedure creates the most effect with maximum naturalness<\/li>\n<li>Anesthesia: twilight sleep<\/li>\n<\/ul>\n\t\t\t<\/div>\r\n\t\t<\/div>\r\n\r\n\t<\/div>\r\n<\/div>\r\n\n\n\n<hr class=\"wp-block-separator has-css-opacity\"\/>\n\n\n\r\n<div id=\"cta-block_87bcce9d9a579b9d0e3aa895defd2e2a\" class=\"icontext-block\">\r\n\t<div class=\"row\">\r\n\t\t\r\n\t\t<div class=\"col-sm-1 col-12 reveal\">\r\n\t\t\t\t\t\t\t<div class=\"icontext-icon icon-white-e\"><\/div>\r\n\t\t\t\t\t<\/div>\r\n\r\n\t\t<div class=\"col-sm-11 col-12 reveal\">\r\n\t\t\t<div class=\"icontext-text\">\r\n\t\t\t\t<h3><strong>Cost<\/strong><\/h3>\n<p>Guidelines:<\/p>\n<p>approx. 4500 mini lifts in LA<\/p>\n<p>approx. 4900 mini lift with mid-face lift in LA<\/p>\n<p><strong>from 6500 SMAS Contour Facelift including anesthesia<\/strong><\/p>\n<p>from 6900 SMAS Contour Facelift with mid-face (or 1 region of autologous fat) and chin line including anesthesia<\/p>\n<p><strong>from 2900 direct neck lift in LA<\/strong><\/p>\n<p>approx. 4500 direct neck lift including anesthesia<\/p>\n<p><strong>from 6900<\/strong> <strong>Neck lift with chin line lift including anesthesia<\/strong><\/p>\n<p><strong>from 7900 Neck lift with chin line lift including medial platysma tightening including anesthesia<\/strong><\/p>\n<p>8950 SMAS Contour facelift with neck lift including anesthesia<\/p>\n<p><strong>9950 SMAS Contour Facelift with neck lift including medial platysma tightening including anesthesia<\/strong><\/p>\n<p>11350 extended SMAS Contour Facelift with mid-face lift (or 1 region of autologous fat) and neck lift including anesthesia<\/p>\n<p>13950 extended SMAS Contour Facelift with mid-face lift (or 1 region of autologous fat) autologous fat eyebrow and neck lift including anesthesia<\/p>\n<p><strong>15950 extended SMAS Contour Facelift with mid-face lift (or 1 region of own fat) Eyebrow lift &amp; neck lift including anesthesia<\/strong><\/p>\n<p>13950 Deep Plane Facelift including anesthesia<\/p>\n<p>17950 Deep Plane Facelift &amp; Necklift including anesthesia<\/p>\n<p>400 \u00dcbernachtung an der Klinik mit Schwester (wird von uns bei einem Facelift empfohlen)\/450 bei \u00dcbernachtung von Freitag auf Samstag<\/p>\n<p>200 Kosten f\u00fcr Tagesaufnahme an der Klinik (wenn keine \u00dcbernachtung geplant ist)<\/p>\n<p>2500 Dermabrasion, optional<\/p>\n<p>900-2000 Autologous fat transfer 1 region depending on extent (e.g. nasolabial, eyebrow, etc.) \u2013 in combination with 2nd operation, optional<\/p>\n<p>50 Anesthesia information for planned anesthesia with an anesthetist<\/p>\n<p>70 optional special price recommended <a href=\"https:\/\/medicalbeautyconcepts.com\/en\/products\/sensitive-skin\/\">scar ointment<\/a> + <a href=\"https:\/\/medicalbeautyconcepts.com\/en\/products\/medi-spray-clear\/\">disinfectant spray<\/a> (regular after surgery 103)<\/p>\n<p>minus consultation costs<\/p>\n<p>&nbsp;<\/p>\n<p>The prices listed are average values and could be cheaper or more expensive. The final total price will be determined during the second consultation (=consent) depending on the individual effort\/planned operation time, combinations, desired clinic\/room category and other factors.<\/p>\n<p>At the turn of the year, clinic prices are adjusted and may then be slightly higher.<\/p>\n\t\t\t<\/div>\r\n\t\t<\/div>\r\n\r\n\t<\/div>\r\n<\/div>\r\n\n\n\r\n<div id=\"cta-block_2a24843499cf630abdd9ab6d1a609ba4\" class=\"icontext-block\">\r\n\t<div class=\"row\">\r\n\t\t\r\n\t\t<div class=\"col-sm-1 col-12 reveal\">\r\n\t\t\t\t\t\t\t<div class=\"icontext-icon icon-dark-tag\"><\/div>\r\n\t\t\t\t\t<\/div>\r\n\r\n\t\t<div class=\"col-sm-11 col-12 reveal\">\r\n\t\t\t<div class=\"icontext-text\">\r\n\t\t\t\t<h3>reasonable budget<\/h3>\n<p>A final cost estimate is only possible and meaningful after a detailed on-site inspection and clarification of individual wishes.<\/p>\n<p>Especially with a \u201cfacelift\u201d, anything from a very small variation to the maximum variation can mean anything and may even make sense. This is precisely where good, honest advice is necessary and useful!<\/p>\n\t\t\t<\/div>\r\n\t\t<\/div>\r\n\r\n\t<\/div>\r\n<\/div>\r\n\n\n\n<hr class=\"wp-block-separator has-css-opacity\"\/>\n\n\n\r\n<div id=\"cta-block_a0867350cad92e7ae09d4d3748688343\" class=\"icontext-block\">\r\n\t<div class=\"row\">\r\n\t\t\r\n\t\t<div class=\"col-sm-1 col-12 reveal\">\r\n\t\t\t\t\t\t\t<div class=\"icontext-icon icon-white-calendar\"><\/div>\r\n\t\t\t\t\t<\/div>\r\n\r\n\t\t<div class=\"col-sm-11 col-12 reveal\">\r\n\t\t\t<div class=\"icontext-text\">\r\n\t\t\t\t<h3>downtime<\/h3>\n<p>In general, <strong>2-3 weeks of rest<\/strong> be taken into account \u2013 this means specifically:<\/p>\n<ul>\n<li>lifting no more than 5-6 kg<\/li>\n<li>no jerky movements<\/li>\n<li>do not perform any activities overhead<\/li>\n<\/ul>\n\t\t\t<\/div>\r\n\t\t<\/div>\r\n\r\n\t<\/div>\r\n<\/div>\r\n\n\n\n<hr class=\"wp-block-separator has-css-opacity\"\/>\n\n\n\r\n<div id=\"cta-block_b43d87f1b9b9f67a5358d742ebf978e5\" class=\"icontext-block\">\r\n\t<div class=\"row\">\r\n\t\t\r\n\t\t<div class=\"col-sm-1 col-12 reveal\">\r\n\t\t\t\t\t\t\t<div class=\"icontext-icon icon-white-excla\"><\/div>\r\n\t\t\t\t\t<\/div>\r\n\r\n\t\t<div class=\"col-sm-11 col-12 reveal\">\r\n\t\t\t<div class=\"icontext-text\">\r\n\t\t\t\t<h3>Important to know\u2026<\/h3>\n<ul>\n<li>A facelift also poses a challenge <strong>psyche<\/strong> of the patient is a big challenge \u2013 if you are not really stable, it is better to turn to alternatives<\/li>\n<li><strong>patience<\/strong> after the operation is important! \u2013 especially with a facelift, it can take several weeks\/months until residual swelling, residual hardening, etc., disappears<\/li>\n<li>the <strong>bestehende Dicke und Festigkeit der Haut\/des Gewebes<\/strong> spielen eine entscheidende Rolle bei der M\u00f6glichkeit Haut und Gewebe anzuheben, Dicke Haut\/festes Gewebe wehrt sich mehr gegen Anheben und Straffen<\/li>\n<li>a facelift has only <strong>very low medium\/long-term effect on the corner of the mouth area<\/strong> &amp; nasolabial fold\u2026here volume (hyaluronic acid) is the main tool<\/li>\n<\/ul>\n<p>&nbsp;<\/p>\n\t\t\t<\/div>\r\n\t\t<\/div>\r\n\r\n\t<\/div>\r\n<\/div>\r\n\n\n\n<hr class=\"wp-block-separator has-alpha-channel-opacity\"\/>\n\n\n\r\n<div id=\"cta-block_54db2d5365336e157252a79c66b9bb93\" class=\"icontext-block\">\r\n\t<div class=\"row\">\r\n\t\t\r\n\t\t<div class=\"col-sm-1 col-12 reveal\">\r\n\t\t\t\t\t\t\t<div class=\"icontext-icon icon-dark-arrow-right\"><\/div>\r\n\t\t\t\t\t<\/div>\r\n\r\n\t\t<div class=\"col-sm-11 col-12 reveal\">\r\n\t\t\t<div class=\"icontext-text\">\r\n\t\t\t\t<h3>Left<\/h3>\n<p>You can find valuable information here \u2013 <a href=\"http:\/\/www.durnig.at\/leistungen\/facelift\/\">facelift<\/a><!-- wp:heading {\"level\":3} --><\/p>\n\t\t\t<\/div>\r\n\t\t<\/div>\r\n\r\n\t<\/div>\r\n<\/div>\r\n\n\n\n<hr class=\"wp-block-separator has-alpha-channel-opacity\"\/>\n\n\n\n<p>Nothing can replace a personal, individual consultation with a specialist with the appropriate experience and the right aesthetic sensitivity. We will be happy to advise you in detail about your facelift or neck lift \u2013 arrange your&nbsp;<strong>Consultation appointment at 0699 19988009<\/strong> or contact us via our <a href=\"http:\/\/www.durnig.at\/kontakt\/\">contact form<\/a>. Your consultation will take place in one of our offices in <strong>Klagenfurt <\/strong>at the Domplatz or in the Falkensteiner Schlosshotel in <strong>Velden <\/strong>(Carinthia). We look forward to seeing you!<\/p>\n\n\n\n<hr class=\"wp-block-separator has-alpha-channel-opacity\"\/>\n\n\n\n<h3 class=\"wp-block-heading\">Where will my consultation\/information take place?<\/h3>\n\n\n\n<p>You can find us here:<\/p>\n\n\n\n<ul class=\"wp-block-list\">\n<li><strong>Ordination Klagenfurt<\/strong> Domplatz: Lidmanskygasse 8, 9020 Klagenfurt am W\u00f6rthersee<\/li>\n<\/ul>\n\n\n\n<div class=\"wp-block-media-text is-stacked-on-mobile\" style=\"grid-template-columns:37% auto\"><figure class=\"wp-block-media-text__media\"><img loading=\"lazy\" decoding=\"async\" width=\"1024\" height=\"683\" src=\"https:\/\/medicalbeautyconcepts.com\/wp-content\/uploads\/2024\/09\/Ordination-Dr.-Durnig-Lidmanskygasse-8-1024x683.jpg\" alt=\"\" class=\"wp-image-7397 size-full\" srcset=\"https:\/\/medicalbeautyconcepts.com\/wp-content\/uploads\/2024\/09\/Ordination-Dr.-Durnig-Lidmanskygasse-8-1024x683.jpg 1024w, https:\/\/medicalbeautyconcepts.com\/wp-content\/uploads\/2024\/09\/Ordination-Dr.-Durnig-Lidmanskygasse-8-300x200.jpg 300w, https:\/\/medicalbeautyconcepts.com\/wp-content\/uploads\/2024\/09\/Ordination-Dr.-Durnig-Lidmanskygasse-8-768x512.jpg 768w, https:\/\/medicalbeautyconcepts.com\/wp-content\/uploads\/2024\/09\/Ordination-Dr.-Durnig-Lidmanskygasse-8-1536x1024.jpg 1536w, https:\/\/medicalbeautyconcepts.com\/wp-content\/uploads\/2024\/09\/Ordination-Dr.-Durnig-Lidmanskygasse-8-2048x1366.jpg 2048w, https:\/\/medicalbeautyconcepts.com\/wp-content\/uploads\/2024\/09\/Ordination-Dr.-Durnig-Lidmanskygasse-8-550x367.jpg 550w, https:\/\/medicalbeautyconcepts.com\/wp-content\/uploads\/2024\/09\/Ordination-Dr.-Durnig-Lidmanskygasse-8-740x493.jpg 740w\" sizes=\"auto, (max-width: 1024px) 100vw, 1024px\" \/><\/figure><div class=\"wp-block-media-text__content\">\n<p>Welcome to our practice in the center of Klagenfurt. We are happy to discuss all your <strong>Questions &amp; requests about<\/strong> <strong>Your gentle facelift\/neck lift<\/strong>.<\/p>\n<\/div><\/div>\n\n\n\n<ul class=\"wp-block-list\">\n<li><strong>Ordination Velden<\/strong> Falkensteiner Schlosshotel Velden: Schlosspark 1, 9220 Velden am W\u00f6rthersee<\/li>\n<\/ul>\n\n\n\n<div class=\"wp-block-media-text alignwide is-stacked-on-mobile\" style=\"grid-template-columns:37% auto\"><figure class=\"wp-block-media-text__media\"><img loading=\"lazy\" decoding=\"async\" width=\"1024\" height=\"576\" src=\"https:\/\/medicalbeautyconcepts.com\/wp-content\/uploads\/2022\/01\/Ordination-Schloss-Velden-Dr.-Durnig-Ka\u0308rnten-Plastische-Chirurgie-2-1024x576.jpg\" alt=\"\" class=\"wp-image-4026 size-full\" srcset=\"https:\/\/medicalbeautyconcepts.com\/wp-content\/uploads\/2022\/01\/Ordination-Schloss-Velden-Dr.-Durnig-Ka\u0308rnten-Plastische-Chirurgie-2-1024x576.jpg 1024w, https:\/\/medicalbeautyconcepts.com\/wp-content\/uploads\/2022\/01\/Ordination-Schloss-Velden-Dr.-Durnig-Ka\u0308rnten-Plastische-Chirurgie-2-300x169.jpg 300w, https:\/\/medicalbeautyconcepts.com\/wp-content\/uploads\/2022\/01\/Ordination-Schloss-Velden-Dr.-Durnig-Ka\u0308rnten-Plastische-Chirurgie-2-768x432.jpg 768w, https:\/\/medicalbeautyconcepts.com\/wp-content\/uploads\/2022\/01\/Ordination-Schloss-Velden-Dr.-Durnig-Ka\u0308rnten-Plastische-Chirurgie-2-1536x864.jpg 1536w, https:\/\/medicalbeautyconcepts.com\/wp-content\/uploads\/2022\/01\/Ordination-Schloss-Velden-Dr.-Durnig-Ka\u0308rnten-Plastische-Chirurgie-2-2048x1152.jpg 2048w, https:\/\/medicalbeautyconcepts.com\/wp-content\/uploads\/2022\/01\/Ordination-Schloss-Velden-Dr.-Durnig-Ka\u0308rnten-Plastische-Chirurgie-2-1920x1080.jpg 1920w, https:\/\/medicalbeautyconcepts.com\/wp-content\/uploads\/2022\/01\/Ordination-Schloss-Velden-Dr.-Durnig-Ka\u0308rnten-Plastische-Chirurgie-2-550x309.jpg 550w, https:\/\/medicalbeautyconcepts.com\/wp-content\/uploads\/2022\/01\/Ordination-Schloss-Velden-Dr.-Durnig-Ka\u0308rnten-Plastische-Chirurgie-2-740x416.jpg 740w\" sizes=\"auto, (max-width: 1024px) 100vw, 1024px\" \/><\/figure><div class=\"wp-block-media-text__content\">\n<p>Upon request, your consultation\/explanation can take place in our practice at the Falkensteiner Schlosshotel in Velden. Welcome to a short trip to Lake W\u00f6rthersee \ud83d\ude42<\/p>\n<\/div><\/div>\n\n\n\n<p>If you are from <strong>Carinthia<\/strong> (Klagenfurt, Villach, Wolfsberg, Feldkirchen, St. Veit an der Glan, Spittal an der Drau, V\u00f6lkermarkt, Friesach, Velden, etc.), you will find the right way to us...<\/p>\n\n\n\n<ul class=\"wp-block-list\">\n<li>Arrival by <strong><a href=\"https:\/\/www.viamichelin.at\/web\/Routenplaner\">car<\/a><\/strong><\/li>\n\n\n\n<li>Arrival with the <strong><a href=\"https:\/\/routenplaner.kaerntner-linien.at\/\">K\u00e4rntner Linien<\/a><\/strong><\/li>\n\n\n\n<li>Arrival by <strong><a href=\"https:\/\/www.thetrainline.com\/de\/bahnunternehmen\/oebb?gclid=CjwKCAiA866PBhAYEiwANkIneObaU4BXugWRZ_eYJrlCQYl17QYxAPHksLgX_aDQNT4njLiz9mhnFxoCojwQAvD_BwE&amp;gclsrc=aw.ds\">Train<\/a><\/strong><\/li>\n<\/ul>\n\n\n\n<p>You are traveling <strong>Vienna\/Lower Austria\/Burgenland<\/strong> (Vienna, St. P\u00f6lten, Wiener Neustadt, Klosterneuburg, Baden, Krems, Amstetten, M\u00f6dling, Traiskirchen, Schwechat, Stockerau, Tulln, Korneuburg, Eisenstadt) <strong>Upper Austria <\/strong>(Linz, Leonding, Bad Ischl, Wels, Steyr, Traun, Enns, Ried, Braunau, Ansfelden, Marchtrenk, V\u00f6cklabruck) <strong>Salzburg<\/strong> (Salzburg, Hallein, Saalfelden, St. Johann, Bischofshofen, Seekirchen) <strong>Styria <\/strong>(Leoben, Kapfenberg, Judenburg, Liezen, Murau, Feldbach, Gratwein, Knittelfeld, Leibnitz, Deutschlandsberg, Weitz, Mariazell, Admont, Schladming, Bruck an der Mur) <strong>Tyrol\/Vorarlberg<\/strong> (Innsbruck, Kufstein, Telfs, Schwaz, Hall, W\u00f6rgl, Lienz, Feldkirch, Bregenz, Lustenau, Hohenems, Bludenz, Hard)? This is how you find the right way to us...<\/p>\n\n\n\n<ul class=\"wp-block-list\">\n<li>Arrival by <strong><a href=\"https:\/\/www.viamichelin.at\/web\/Routenplaner\">car<\/a><\/strong><\/li>\n\n\n\n<li>Arrival by <strong><a href=\"https:\/\/www.thetrainline.com\/de\/bahnunternehmen\/oebb?gclid=CjwKCAiA866PBhAYEiwANkIneObaU4BXugWRZ_eYJrlCQYl17QYxAPHksLgX_aDQNT4njLiz9mhnFxoCojwQAvD_BwE&amp;gclsrc=aw.ds\">Train<\/a><\/strong><\/li>\n\n\n\n<li>Arrival by <strong><a href=\"https:\/\/airport-klagenfurt.at\/\">Airplane<\/a><\/strong><\/li>\n\n\n\n<li><\/li>\n<\/ul>\n\n\n\n<hr class=\"wp-block-separator has-alpha-channel-opacity\"\/>\n\n\n\n<h3 class=\"wp-block-heading\">Where is my surgery planned?<\/h3>\n\n\n\n<p><strong>AestheticOP Private Surgery Klagenfurt<\/strong>: Stauderplatz 5, 9020 Klagenfurt am W\u00f6rthersee<\/p>\n\n\n\n<div class=\"wp-block-media-text alignwide is-stacked-on-mobile\" style=\"grid-template-columns:43% auto\"><figure class=\"wp-block-media-text__media\"><img loading=\"lazy\" decoding=\"async\" width=\"841\" height=\"1024\" src=\"https:\/\/medicalbeautyconcepts.com\/wp-content\/uploads\/2024\/03\/Empfang-Aesthetic-OP-841x1024.jpg\" alt=\"\" class=\"wp-image-6919 size-full\" srcset=\"https:\/\/medicalbeautyconcepts.com\/wp-content\/uploads\/2024\/03\/Empfang-Aesthetic-OP-841x1024.jpg 841w, https:\/\/medicalbeautyconcepts.com\/wp-content\/uploads\/2024\/03\/Empfang-Aesthetic-OP-246x300.jpg 246w, https:\/\/medicalbeautyconcepts.com\/wp-content\/uploads\/2024\/03\/Empfang-Aesthetic-OP-768x936.jpg 768w, https:\/\/medicalbeautyconcepts.com\/wp-content\/uploads\/2024\/03\/Empfang-Aesthetic-OP-1261x1536.jpg 1261w, https:\/\/medicalbeautyconcepts.com\/wp-content\/uploads\/2024\/03\/Empfang-Aesthetic-OP-1681x2048.jpg 1681w, https:\/\/medicalbeautyconcepts.com\/wp-content\/uploads\/2024\/03\/Empfang-Aesthetic-OP-534x650.jpg 534w, https:\/\/medicalbeautyconcepts.com\/wp-content\/uploads\/2024\/03\/Empfang-Aesthetic-OP-452x550.jpg 452w\" sizes=\"auto, (max-width: 841px) 100vw, 841px\" \/><\/figure><div class=\"wp-block-media-text__content\">\n<p>Welcome to the new AestheticOP!<\/p>\n\n\n\n<p>Operations of the highest quality in the center of Klagenfurt. For safe surgical treatments in a comfortable atmosphere. We look forward to welcoming you to the new operating room!<\/p>\n<\/div><\/div>\n\n\n\n<p>Aesthetic surgery Klagenfurt Carinthia = <strong>aesthetic surgeries<\/strong> in the <strong>private surgery<\/strong> in Klagenfurt Carinthia:<\/p>\n\n\n\n<p>We specialize in gentle aesthetic operations preferably under twilight anesthesia with short rehabilitation<\/p>\n\n\n\n<p>in the <strong>state-of-the-art operating room<\/strong> for outpatient surgeries or surgeries with overnight stay<\/p>\n\n\n\n<p>Plastic surgery and cosmetic surgery in a private atmosphere <\/p>\n\n\n\n<p><\/p>\n\n\n\n<p>What you should know about it...<\/p>\n\n\n\n<h4 class=\"wp-block-heading\">Where is the AestheticOP?<\/h4>\n\n\n\n<p>You can find us at <strong>Stauderplatz 5<\/strong> in the center of Klagenfurt.<\/p>\n\n\n\n<h4 class=\"wp-block-heading\">AestheticOP \u2013 Where can I park or get picked up?<\/h4>\n\n\n\n<p>There are several underground garages and parking spaces around the AestheticOP:<\/p>\n\n\n\n<p>The most modern underground car park is only a few hundred meters away from the AestheticOP: <strong><a href=\"https:\/\/www.9022.at\/parkgarage.xhtml\">Vitaneum underground car park<\/a><\/strong> \u2013 the parking garage at the Benediktinermarkt.<\/p>\n\n\n\n<p>Also just a few hundred meters away is the <strong><a href=\"https:\/\/www.apcoa.at\/parken\/klagenfurt\/lindwurm-klagenfurt-apcoa\/\">Lindwurm underground car park<\/a><\/strong>.<\/p>\n\n\n\n<p>Directly in the AestheticOP building is the <strong><a href=\"https:\/\/www.apcoa.at\/parken\/klagenfurt\/heiligengeist-klagenfurt-apcoa\/\">Heiligengeist underground car park<\/a><\/strong>Here you can park in the same building and have someone take you to the operation and pick you up again.<\/p>\n\n\n\n<p>Direct <strong><a href=\"https:\/\/www.apcoa.at\/parken\/klagenfurt\/heiligengeist-klagenfurt-apcoa\/\">at Stauderplatz<\/a><\/strong> there are some <strong>parking spaces with short-term parking zones<\/strong>.<\/p>\n\n\n\n<p><\/p>\n\n\n\n<hr class=\"wp-block-separator has-alpha-channel-opacity\"\/>\n\n\n\n<p><\/p>\n\n\n\n<h3 class=\"wp-block-heading\">FAQs<\/h3>\n\n\n\n<h5 class=\"wp-block-heading\">Lesen sie hier die h\u00e4ufigsten Fragen, die mir als Plastischer Chirurg in der Ordination zum Thema Facelift gestellt werden:<\/h5>\n\n\n\n<p><\/p>\n\n\n\n<h5 class=\"wp-block-heading\">Frage 1<\/h5>\n\n\n\n<h5 class=\"wp-block-heading\">Wie lange falle ich aus..?<\/h5>\n\n\n\n<p>Antwort: <\/p>\n\n\n\n<p>Ein realistischer Zeitraum um wieder gesellschaftsf\u00e4hig zu sein sind ca. 10 Tage. Davor ist man meist noch zu blau und geschwollen, um sich wieder im \u00f6ffentliche Leben &#8222;wohlzuf\u00fchlen&#8220;. Make-up hilft die anfangs noch ger\u00f6teten Narben abzudecken und zu verstecken.<\/p>\n\n\n\n<p>K\u00f6rperliche Schonung bezieht sich normalerweise auf die ersten 2-3 Wochen. Hier ist eine gute Regel: &#8222;mit Gef\u00fchl und Hausverstand schonen&#8220;<\/p>\n\n\n\n<p>Beruflicher Ausfall bezieht sich nat\u00fcrlich immer auf den Beruf. B\u00fcrot\u00e4tigkeiten sind meist ab OP-Ende wieder m\u00f6glich.<\/p>\n\n\n\n<p>Alles in Allem werden Patient:innen, die diese Frage mit Gef\u00fchl und Hausverstand angehen sicher nichts falsch machen.<\/p>\n\n\n\n<h5 class=\"wp-block-heading\">Frage 2<\/h5>\n\n\n\n<h5 class=\"wp-block-heading\">Wie werde ich nach dem Facelift aussehen..?<\/h5>\n\n\n\n<p>Antwort:<\/p>\n\n\n\n<p>Im Idealfall nicht &#8222;operiert&#8220;. <strong>Frischer und &#8222;erholter&#8220;<\/strong> w\u00e4re der Idealfall, die bei individueller Anpassung und mit Erfahrung im Normallfall gut erreichbar ist.<\/p>\n\n\n\n<p><\/p>\n\n\n\n<h5 class=\"wp-block-heading\">Frage 3<\/h5>\n\n\n\n<h5 class=\"wp-block-heading\">In welchem Alter sollte man ein Facelift machen lassen..?<\/h5>\n\n\n\n<p>Antwort: <\/p>\n\n\n\n<p>Gar nichts muss sein&#8230;.Wenn man sich aber im Laufe seines Lebens f\u00fcr ein Facelift entscheidet, dann gilt: <strong>besser vorbeugen als nachlaufen.<\/strong> Das heisst besser mit 45 als mit 70.<\/p>\n\n\n\n<p>Denn dann wirkt ein Facelift maximal vorbeugend. Man ver\u00e4ndert sich nicht so radikal f\u00fcr die Umgebung und &#8222;bleibt lange j\u00fcnger&#8220;. <\/p>\n\n\n\n<h5 class=\"wp-block-heading\">Frage 4<\/h5>\n\n\n\n<h5 class=\"wp-block-heading\">Ist ein Faclift im Sommer m\u00f6glich und wann kann ich wieder baden gehen..?<\/h5>\n\n\n\n<p>Antwort: <\/p>\n\n\n\n<p>Ein Faclift ist eigentlich das ganze Jahr \u00fcber m\u00f6glich. Und wenn man sich an die Gegebenheiten anpasst durchaus auch sehr gut im Sommer. Wir erlauben unseren Patient:innen das vorsichtige Duschen. Untertauchen sollte man die ersten 2 Wochen noch nicht, solange die Narbe noch nicht wirklich stabil ist. Ab dann ist z. B. sauberes Meerwasser durchaus positiv f\u00fcr die Wundheilung. Acuhtung jedoch vor zu viel Sonne speziell in den ersten Wochen nach einer Operation. Die Wundbereiche neigen in der fr\u00fchen Phase nach OP zu Pigmentbildung und k\u00f6nnen dann dunkler und auff\u00e4lliger ausfallen. Der beste Sonnenschutz ist &#8222;der Schatten&#8220; also die Prophylaxe. Ansonsten empfehlen wir Sonnencreme SPF 30+. Erh\u00e4ltlich z. B. aus der &#8222;The Beauty Secret&#8220; Serie<\/p>\n\n\n\n<p><a href=\"http:\/\/NR. 13 KISSED BY THE SUN 30+\">NR. 13 <strong>KISSED BY THE SUN 30+<\/strong><\/a><\/p>\n\n\n\n<h5 class=\"wp-block-heading\">Frage 5<\/h5>\n\n\n\n<h5 class=\"wp-block-heading\">Darf man ein Faclift nur 1x im Leben machen..?<\/h5>\n\n\n\n<p>Antwort: <\/p>\n\n\n\n<p>Ein Facelift kann (und wird auch immer wieder) wiederholt werden. In vielen F\u00e4llen sollte aber von einem erfahrenen Auge analysiert werden, ob nicht vielleicht andere Erg\u00e4nzungen (Botox, Volumen, Feuchtigkeit, Kollagenaufbau &#8230;) eine bessere Alternative darstellen.<\/p>\n\n\n\n<p><\/p>\n\n\n\n<h5 class=\"wp-block-heading\">Frage 6 &#8211; diese taucht in letzter Zeit zus\u00e4tzlich sehr oft auf:<\/h5>\n\n\n\n<h5 class=\"wp-block-heading\">Wie ist das mit dem &#8222;neuen&#8220; deep plane facelift..?<\/h5>\n\n\n\n<p>Antwort: <\/p>\n\n\n\n<p>Das deep plane facelift ist nichts neues. Schon immer gab es beim Facelift die Frage, wieviel mehr an Aufwand, Risko, Kosten,&#8230; auch wirklich ein wieviel an Benefit bringt. Wie sehr oft im Leben liegt die Wahrheit in der Mitte. <\/p>\n\n\n\n<p>Eine Region\/Komponente \u00fcbertrieben zu verbessern wirkt meist nicht nat\u00fcrlich, auch wenn es machbar ist. Wir kombinieren auch gerne Methoden (Eigenfett, Dermabrasion, etc.), um Resultate harmonischer, nat\u00fcrlicher und dauerhafter zu machen.<\/p>\n\n\n\n<p>Lesen Sie hier weitere wichtige Informationen zum Thema <strong>deep plane facelift<\/strong><\/p>\n\n\n\n<script type=\"application\/ld+json\">{\n    \"@context\": \"https:\\\/\\\/schema.org\",\n    \"@type\": \"FAQPage\",\n    \"mainEntity\": [\n        {\n            \"@type\": \"Question\",\n            \"name\": \"Wie lange falle ich nach einem Facelift aus?\",\n            \"acceptedAnswer\": {\n                \"@type\": \"Answer\",\n                \"text\": \"Ein realistischer Zeitraum um wieder gesellschaftsf\\u00e4hig zu sein sind ca. 10 Tage. Davor ist man meist noch zu blau und geschwollen. Make-up kann die Narben kaschieren. K\\u00f6rperliche Schonung gilt f\\u00fcr 2\\u20133 Wochen. B\\u00fcrot\\u00e4tigkeiten sind meist ab OP-Ende m\\u00f6glich.\"\n            }\n        },\n        {\n            \"@type\": \"Question\",\n            \"name\": \"Wie werde ich nach dem Facelift aussehen?\",\n            \"acceptedAnswer\": {\n                \"@type\": \"Answer\",\n                \"text\": \"Im Idealfall nicht operiert, sondern frischer und erholter. Bei individueller Anpassung und Erfahrung ist dieses Ergebnis in der Regel gut erreichbar.\"\n            }\n        },\n        {\n            \"@type\": \"Question\",\n            \"name\": \"In welchem Alter sollte man ein Facelift machen lassen?\",\n            \"acceptedAnswer\": {\n                \"@type\": \"Answer\",\n                \"text\": \"Gar nichts muss sein. Wenn man sich f\\u00fcr ein Facelift entscheidet, gilt: besser vorbeugen als nachlaufen. Besser mit 45 als mit 70 \\u2013 so wirkt das Facelift nat\\u00fcrlicher und man bleibt l\\u00e4nger j\\u00fcnger.\"\n            }\n        },\n        {\n            \"@type\": \"Question\",\n            \"name\": \"Ist ein Facelift im Sommer m\\u00f6glich und wann kann ich wieder baden gehen?\",\n            \"acceptedAnswer\": {\n                \"@type\": \"Answer\",\n                \"text\": \"Ein Facelift ist ganzj\\u00e4hrig m\\u00f6glich. Duschen ist vorsichtig erlaubt, Untertauchen jedoch erst nach 2 Wochen. Sauberes Meerwasser kann danach die Heilung positiv beeinflussen. Vorsicht vor Sonne in den ersten Wochen \\u2013 Narben k\\u00f6nnen dunkler werden. Bester Schutz ist Schatten oder Sonnencreme SPF 30+.\"\n            }\n        },\n        {\n            \"@type\": \"Question\",\n            \"name\": \"Darf man ein Facelift nur einmal im Leben machen?\",\n            \"acceptedAnswer\": {\n                \"@type\": \"Answer\",\n                \"text\": \"Ein Facelift kann wiederholt werden. Oft ist es jedoch sinnvoll zu pr\\u00fcfen, ob andere Erg\\u00e4nzungen wie Botox, Volumenaufbau, Feuchtigkeit oder Kollagenstimulation die bessere Alternative darstellen.\"\n            }\n        },\n        {\n            \"@type\": \"Question\",\n            \"name\": \"Wie ist das mit dem neuen Deep Plane Facelift?\",\n            \"acceptedAnswer\": {\n                \"@type\": \"Answer\",\n                \"text\": \"Das Deep Plane Facelift ist nicht wirklich neu. Schon immer gab es beim Facelift die Abw\\u00e4gung von Aufwand, Risiko, Kosten und Nutzen. Eine \\u00fcbertriebene Korrektur wirkt oft unnat\\u00fcrlich. H\\u00e4ufig sind kombinierte Methoden wie Eigenfett oder Dermabrasion harmonischer, nat\\u00fcrlicher und langfristig erfolgreicher.\"\n            }\n        }\n    ]\n}<\/script>","protected":false},"featured_media":1719,"template":"","categories":[5,27,29,31],"class_list":["post-461","behandlungen","type-behandlungen","status-publish","has-post-thumbnail","hentry","category-gesicht","category-mittelgesicht","category-wange-kinnlinie","category-hals"],"acf":[],"yoast_head":"<!-- This site is optimized with the Yoast SEO plugin v26.8 - https:\/\/yoast.com\/product\/yoast-seo-wordpress\/ -->\n<title>Facelift Halslift | vom Experten Dr. DURNIG | Medical Beauty Concepts<\/title>\n<meta name=\"description\" content=\"Facelift Halslift by. Dr. DURNIG | Straffung von Wange und Kinnlinie - Preis und Kosten, Narkose, OP-Techniken, Schnitte und Narben\" \/>\n<meta name=\"robots\" content=\"index, follow, max-snippet:-1, max-image-preview:large, max-video-preview:-1\" \/>\n<link rel=\"canonical\" href=\"https:\/\/medicalbeautyconcepts.com\/en\/treatments\/facelift-neck-lift\/\" \/>\n<meta property=\"og:locale\" content=\"en_GB\" \/>\n<meta property=\"og:type\" content=\"article\" \/>\n<meta property=\"og:title\" content=\"Facelift Halslift | vom Experten Dr. DURNIG | Medical Beauty Concepts\" \/>\n<meta property=\"og:description\" content=\"Facelift Halslift by. Dr. DURNIG | Straffung von Wange und Kinnlinie - Preis und Kosten, Narkose, OP-Techniken, Schnitte und Narben\" \/>\n<meta property=\"og:url\" content=\"https:\/\/medicalbeautyconcepts.com\/en\/treatments\/facelift-neck-lift\/\" \/>\n<meta property=\"og:site_name\" content=\"Medical Beauty Concepts\" \/>\n<meta property=\"article:modified_time\" content=\"2026-01-01T17:43:03+00:00\" \/>\n<meta property=\"og:image\" content=\"https:\/\/medicalbeautyconcepts.com\/wp-content\/uploads\/2020\/07\/Facelift-Dr.-Durnig-Klagenfurt-Villach-Sank-Veit-Velden-Ka\u0308rnten-Medical-Beauty-Concepts-Schloss-Velden-Falkensteiner-Med-Spa-scaled.jpg\" \/>\n\t<meta property=\"og:image:width\" content=\"2560\" \/>\n\t<meta property=\"og:image:height\" content=\"2158\" \/>\n\t<meta property=\"og:image:type\" content=\"image\/jpeg\" \/>\n<meta name=\"twitter:card\" content=\"summary_large_image\" \/>\n<meta name=\"twitter:label1\" content=\"Estimated reading time\" \/>\n\t<meta name=\"twitter:data1\" content=\"8 minutes\" \/>\n<script type=\"application\/ld+json\" class=\"yoast-schema-graph\">{\"@context\":\"https:\/\/schema.org\",\"@graph\":[{\"@type\":\"WebPage\",\"@id\":\"https:\/\/medicalbeautyconcepts.com\/behandlungen\/facelift-halslift\/\",\"url\":\"https:\/\/medicalbeautyconcepts.com\/behandlungen\/facelift-halslift\/\",\"name\":\"Facelift Halslift | vom Experten Dr. DURNIG | Medical Beauty Concepts\",\"isPartOf\":{\"@id\":\"https:\/\/medicalbeautyconcepts.com\/#website\"},\"primaryImageOfPage\":{\"@id\":\"https:\/\/medicalbeautyconcepts.com\/behandlungen\/facelift-halslift\/#primaryimage\"},\"image\":{\"@id\":\"https:\/\/medicalbeautyconcepts.com\/behandlungen\/facelift-halslift\/#primaryimage\"},\"thumbnailUrl\":\"https:\/\/medicalbeautyconcepts.com\/wp-content\/uploads\/2020\/07\/Facelift-Dr.-Durnig-Klagenfurt-Villach-Sank-Veit-Velden-Ka\u0308rnten-Medical-Beauty-Concepts-Schloss-Velden-Falkensteiner-Med-Spa-scaled.jpg\",\"datePublished\":\"2020-04-20T09:40:14+00:00\",\"dateModified\":\"2026-01-01T17:43:03+00:00\",\"description\":\"Facelift Halslift by. Dr. DURNIG | Straffung von Wange und Kinnlinie - Preis und Kosten, Narkose, OP-Techniken, Schnitte und Narben\",\"breadcrumb\":{\"@id\":\"https:\/\/medicalbeautyconcepts.com\/behandlungen\/facelift-halslift\/#breadcrumb\"},\"inLanguage\":\"en-GB\",\"potentialAction\":[{\"@type\":\"ReadAction\",\"target\":[\"https:\/\/medicalbeautyconcepts.com\/behandlungen\/facelift-halslift\/\"]}]},{\"@type\":\"ImageObject\",\"inLanguage\":\"en-GB\",\"@id\":\"https:\/\/medicalbeautyconcepts.com\/behandlungen\/facelift-halslift\/#primaryimage\",\"url\":\"https:\/\/medicalbeautyconcepts.com\/wp-content\/uploads\/2020\/07\/Facelift-Dr.-Durnig-Klagenfurt-Villach-Sank-Veit-Velden-Ka\u0308rnten-Medical-Beauty-Concepts-Schloss-Velden-Falkensteiner-Med-Spa-scaled.jpg\",\"contentUrl\":\"https:\/\/medicalbeautyconcepts.com\/wp-content\/uploads\/2020\/07\/Facelift-Dr.-Durnig-Klagenfurt-Villach-Sank-Veit-Velden-Ka\u0308rnten-Medical-Beauty-Concepts-Schloss-Velden-Falkensteiner-Med-Spa-scaled.jpg\",\"width\":2560,\"height\":2158},{\"@type\":\"BreadcrumbList\",\"@id\":\"https:\/\/medicalbeautyconcepts.com\/behandlungen\/facelift-halslift\/#breadcrumb\",\"itemListElement\":[{\"@type\":\"ListItem\",\"position\":1,\"name\":\"Home\",\"item\":\"https:\/\/medicalbeautyconcepts.com\/\"},{\"@type\":\"ListItem\",\"position\":2,\"name\":\"Facelift Halslift\"}]},{\"@type\":\"WebSite\",\"@id\":\"https:\/\/medicalbeautyconcepts.com\/#website\",\"url\":\"https:\/\/medicalbeautyconcepts.com\/\",\"name\":\"Medical Beauty Concepts\",\"description\":\"Premium Aesthetic Medicine\",\"publisher\":{\"@id\":\"https:\/\/medicalbeautyconcepts.com\/#organization\"},\"potentialAction\":[{\"@type\":\"SearchAction\",\"target\":{\"@type\":\"EntryPoint\",\"urlTemplate\":\"https:\/\/medicalbeautyconcepts.com\/?s={search_term_string}\"},\"query-input\":{\"@type\":\"PropertyValueSpecification\",\"valueRequired\":true,\"valueName\":\"search_term_string\"}}],\"inLanguage\":\"en-GB\"},{\"@type\":\"Organization\",\"@id\":\"https:\/\/medicalbeautyconcepts.com\/#organization\",\"name\":\"Medical Beauty Concepts\",\"url\":\"https:\/\/medicalbeautyconcepts.com\/\",\"logo\":{\"@type\":\"ImageObject\",\"inLanguage\":\"en-GB\",\"@id\":\"https:\/\/medicalbeautyconcepts.com\/#\/schema\/logo\/image\/\",\"url\":\"https:\/\/medicalbeautyconcepts.com\/wp-content\/uploads\/2019\/08\/medical-beauty-concepts.png\",\"contentUrl\":\"https:\/\/medicalbeautyconcepts.com\/wp-content\/uploads\/2019\/08\/medical-beauty-concepts.png\",\"width\":442,\"height\":134,\"caption\":\"Medical Beauty Concepts\"},\"image\":{\"@id\":\"https:\/\/medicalbeautyconcepts.com\/#\/schema\/logo\/image\/\"},\"sameAs\":[\"https:\/\/www.instagram.com\/plastischechirurgiegram\/\"]}]}<\/script>\n<!-- \/ Yoast SEO plugin. -->","yoast_head_json":{"title":"Facelift neck lift | from the expert Dr. DURNIG | Medical Beauty Concepts","description":"Facelift neck lift by Dr. DURNIG | Tightening of cheek and chin line - price and costs, anesthesia, surgical techniques, incisions and scars","robots":{"index":"index","follow":"follow","max-snippet":"max-snippet:-1","max-image-preview":"max-image-preview:large","max-video-preview":"max-video-preview:-1"},"canonical":"https:\/\/medicalbeautyconcepts.com\/en\/treatments\/facelift-neck-lift\/","og_locale":"en_GB","og_type":"article","og_title":"Facelift Halslift | vom Experten Dr. DURNIG | Medical Beauty Concepts","og_description":"Facelift Halslift by. Dr. DURNIG | Straffung von Wange und Kinnlinie - Preis und Kosten, Narkose, OP-Techniken, Schnitte und Narben","og_url":"https:\/\/medicalbeautyconcepts.com\/en\/treatments\/facelift-neck-lift\/","og_site_name":"Medical Beauty Concepts","article_modified_time":"2026-01-01T17:43:03+00:00","og_image":[{"width":2560,"height":2158,"url":"https:\/\/medicalbeautyconcepts.com\/wp-content\/uploads\/2020\/07\/Facelift-Dr.-Durnig-Klagenfurt-Villach-Sank-Veit-Velden-Ka\u0308rnten-Medical-Beauty-Concepts-Schloss-Velden-Falkensteiner-Med-Spa-scaled.jpg","type":"image\/jpeg"}],"twitter_card":"summary_large_image","twitter_misc":{"Estimated reading time":"8 minutes"},"schema":{"@context":"https:\/\/schema.org","@graph":[{"@type":"WebPage","@id":"https:\/\/medicalbeautyconcepts.com\/behandlungen\/facelift-halslift\/","url":"https:\/\/medicalbeautyconcepts.com\/behandlungen\/facelift-halslift\/","name":"Facelift neck lift | from the expert Dr. DURNIG | Medical Beauty Concepts","isPartOf":{"@id":"https:\/\/medicalbeautyconcepts.com\/#website"},"primaryImageOfPage":{"@id":"https:\/\/medicalbeautyconcepts.com\/behandlungen\/facelift-halslift\/#primaryimage"},"image":{"@id":"https:\/\/medicalbeautyconcepts.com\/behandlungen\/facelift-halslift\/#primaryimage"},"thumbnailUrl":"https:\/\/medicalbeautyconcepts.com\/wp-content\/uploads\/2020\/07\/Facelift-Dr.-Durnig-Klagenfurt-Villach-Sank-Veit-Velden-Ka\u0308rnten-Medical-Beauty-Concepts-Schloss-Velden-Falkensteiner-Med-Spa-scaled.jpg","datePublished":"2020-04-20T09:40:14+00:00","dateModified":"2026-01-01T17:43:03+00:00","description":"Facelift neck lift by Dr. DURNIG | Tightening of cheek and chin line - price and costs, anesthesia, surgical techniques, incisions and scars","breadcrumb":{"@id":"https:\/\/medicalbeautyconcepts.com\/behandlungen\/facelift-halslift\/#breadcrumb"},"inLanguage":"en-GB","potentialAction":[{"@type":"ReadAction","target":["https:\/\/medicalbeautyconcepts.com\/behandlungen\/facelift-halslift\/"]}]},{"@type":"ImageObject","inLanguage":"en-GB","@id":"https:\/\/medicalbeautyconcepts.com\/behandlungen\/facelift-halslift\/#primaryimage","url":"https:\/\/medicalbeautyconcepts.com\/wp-content\/uploads\/2020\/07\/Facelift-Dr.-Durnig-Klagenfurt-Villach-Sank-Veit-Velden-Ka\u0308rnten-Medical-Beauty-Concepts-Schloss-Velden-Falkensteiner-Med-Spa-scaled.jpg","contentUrl":"https:\/\/medicalbeautyconcepts.com\/wp-content\/uploads\/2020\/07\/Facelift-Dr.-Durnig-Klagenfurt-Villach-Sank-Veit-Velden-Ka\u0308rnten-Medical-Beauty-Concepts-Schloss-Velden-Falkensteiner-Med-Spa-scaled.jpg","width":2560,"height":2158},{"@type":"BreadcrumbList","@id":"https:\/\/medicalbeautyconcepts.com\/behandlungen\/facelift-halslift\/#breadcrumb","itemListElement":[{"@type":"ListItem","position":1,"name":"Home","item":"https:\/\/medicalbeautyconcepts.com\/"},{"@type":"ListItem","position":2,"name":"Facelift Halslift"}]},{"@type":"WebSite","@id":"https:\/\/medicalbeautyconcepts.com\/#website","url":"https:\/\/medicalbeautyconcepts.com\/","name":"Medical Beauty Concepts","description":"Premium Aesthetic Medicine","publisher":{"@id":"https:\/\/medicalbeautyconcepts.com\/#organization"},"potentialAction":[{"@type":"SearchAction","target":{"@type":"EntryPoint","urlTemplate":"https:\/\/medicalbeautyconcepts.com\/?s={search_term_string}"},"query-input":{"@type":"PropertyValueSpecification","valueRequired":true,"valueName":"search_term_string"}}],"inLanguage":"en-GB"},{"@type":"Organization","@id":"https:\/\/medicalbeautyconcepts.com\/#organization","name":"Medical Beauty Concepts","url":"https:\/\/medicalbeautyconcepts.com\/","logo":{"@type":"ImageObject","inLanguage":"en-GB","@id":"https:\/\/medicalbeautyconcepts.com\/#\/schema\/logo\/image\/","url":"https:\/\/medicalbeautyconcepts.com\/wp-content\/uploads\/2019\/08\/medical-beauty-concepts.png","contentUrl":"https:\/\/medicalbeautyconcepts.com\/wp-content\/uploads\/2019\/08\/medical-beauty-concepts.png","width":442,"height":134,"caption":"Medical Beauty Concepts"},"image":{"@id":"https:\/\/medicalbeautyconcepts.com\/#\/schema\/logo\/image\/"},"sameAs":["https:\/\/www.instagram.com\/plastischechirurgiegram\/"]}]}},"_links":{"self":[{"href":"https:\/\/medicalbeautyconcepts.com\/en\/wp-json\/wp\/v2\/behandlungen\/461","targetHints":{"allow":["GET"]}}],"collection":[{"href":"https:\/\/medicalbeautyconcepts.com\/en\/wp-json\/wp\/v2\/behandlungen"}],"about":[{"href":"https:\/\/medicalbeautyconcepts.com\/en\/wp-json\/wp\/v2\/types\/behandlungen"}],"wp:featuredmedia":[{"embeddable":true,"href":"https:\/\/medicalbeautyconcepts.com\/en\/wp-json\/wp\/v2\/media\/1719"}],"wp:attachment":[{"href":"https:\/\/medicalbeautyconcepts.com\/en\/wp-json\/wp\/v2\/media?parent=461"}],"wp:term":[{"taxonomy":"category","embeddable":true,"href":"https:\/\/medicalbeautyconcepts.com\/en\/wp-json\/wp\/v2\/categories?post=461"}],"curies":[{"name":"wp","href":"https:\/\/api.w.org\/{rel}","templated":true}]}}